{"id":4248,"date":"2020-03-31T10:23:20","date_gmt":"2020-03-31T08:23:20","guid":{"rendered":"https:\/\/www.swissvoicetour.ch\/?page_id=4248"},"modified":"2026-04-21T11:03:48","modified_gmt":"2026-04-21T09:03:48","slug":"ueber-uns","status":"publish","type":"page","link":"https:\/\/www.swissvoicetour.ch\/de\/ueber-uns\/","title":{"rendered":"\u00dcber uns"},"content":{"rendered":"\n<style type=\"text\/css\" data-created_by=\"avia_inline_auto\" id=\"style-css-av-1pe1ciw-2bf98039b8a6188050f9192caadb550f\">\n.avia-section.av-1pe1ciw-2bf98039b8a6188050f9192caadb550f{\nbackground-color:#cca047;\nbackground-image:unset;\n}\n<\/style>\n<div id='av_section_1'  class='avia-section av-1pe1ciw-2bf98039b8a6188050f9192caadb550f main_color avia-section-default avia-no-border-styling  avia-builder-el-0  el_before_av_layout_row  avia-builder-el-first  titre-page avia-bg-style-scroll container_wrap fullsize'  ><div class='container av-section-cont-open' ><main  role=\"main\" itemprop=\"mainContentOfPage\"  class='template-page content  av-content-full alpha units'><div class='post-entry post-entry-type-page post-entry-4248'><div class='entry-content-wrapper clearfix'>\n\n<style type=\"text\/css\" data-created_by=\"avia_inline_auto\" id=\"style-css-av-m6qywrrt-e7564448a924149877575252c0325d39\">\n#top .av-special-heading.av-m6qywrrt-e7564448a924149877575252c0325d39{\npadding-bottom:10px;\ncolor:#000000;\n}\nbody .av-special-heading.av-m6qywrrt-e7564448a924149877575252c0325d39 .av-special-heading-tag .heading-char{\nfont-size:25px;\n}\n.av-special-heading.av-m6qywrrt-e7564448a924149877575252c0325d39 .special-heading-inner-border{\nborder-color:#000000;\n}\n.av-special-heading.av-m6qywrrt-e7564448a924149877575252c0325d39 .av-subheading{\nfont-size:15px;\n}\n<\/style>\n<div  class='av-special-heading av-m6qywrrt-e7564448a924149877575252c0325d39 av-special-heading-h1 custom-color-heading blockquote modern-quote  avia-builder-el-1  avia-builder-el-no-sibling '><h1 class='av-special-heading-tag '  itemprop=\"headline\"  >\u00dcber uns <\/h1><div class=\"special-heading-border\"><div class=\"special-heading-inner-border\"><\/div><\/div><\/div>\n\n<\/div><\/div><\/main><!-- close content main element --><\/div><\/div><div id='av-layout-grid-1'  class='av-layout-grid-container av-1nzi2p4-72fdcffcb29493d28eac1e48a5e75954 entry-content-wrapper main_color av-flex-cells  avia-builder-el-2  el_after_av_section  el_before_av_section  grid-row-not-first  container_wrap fullsize'  >\n\n<style type=\"text\/css\" data-created_by=\"avia_inline_auto\" id=\"style-css-av-1mf01e0-0eaabe03515f70b1715fed444903dacf\">\n.flex_cell.av-1mf01e0-0eaabe03515f70b1715fed444903dacf{\nvertical-align:bottom;\n}\n.responsive #top #wrap_all .flex_cell.av-1mf01e0-0eaabe03515f70b1715fed444903dacf{\npadding:30px 20px 30px 20px !important;\n}\n<\/style>\n<div class='flex_cell av-1mf01e0-0eaabe03515f70b1715fed444903dacf av-gridrow-cell av_one_third no_margin  avia-builder-el-3  el_before_av_cell_one_third  avia-builder-el-first  content-align-bottom'  ><div class='flex_cell_inner'><div  class='flex_column av-5qopxk-5c0c67f0edfa914a002cce0044470710 av_one_full  avia-builder-el-4  avia-builder-el-no-sibling  first flex_column_div  '     ><style type=\"text\/css\" data-created_by=\"avia_inline_auto\" id=\"style-css-av-1jhu8t4-6107ea151520fd47a24c8d84d36661d2\">\n.avia-image-container.av-1jhu8t4-6107ea151520fd47a24c8d84d36661d2 img.avia_image{\nbox-shadow:none;\n}\n.avia-image-container.av-1jhu8t4-6107ea151520fd47a24c8d84d36661d2 .av-image-caption-overlay-center{\ncolor:#ffffff;\n}\n<\/style>\n<div  class='avia-image-container av-1jhu8t4-6107ea151520fd47a24c8d84d36661d2 av-styling- avia-align-left  avia-builder-el-5  avia-builder-el-no-sibling '   itemprop=\"image\" itemscope=\"itemscope\" itemtype=\"https:\/\/schema.org\/ImageObject\" ><div class=\"avia-image-container-inner\"><div class=\"avia-image-overlay-wrap\"><img decoding=\"async\" fetchpriority=\"high\" class='wp-image-16784 avia-img-lazy-loading-not-16784 avia_image ' src=\"https:\/\/www.swissvoicetour.ch\/wp-content\/uploads\/2026\/03\/SVT-10-523DSCF9591-web.jpg\" alt='' title='SVT 10'  height=\"600\" width=\"900\"  itemprop=\"thumbnailUrl\" srcset=\"https:\/\/www.swissvoicetour.ch\/wp-content\/uploads\/2026\/03\/SVT-10-523DSCF9591-web.jpg 900w, https:\/\/www.swissvoicetour.ch\/wp-content\/uploads\/2026\/03\/SVT-10-523DSCF9591-web-300x200.jpg 300w, https:\/\/www.swissvoicetour.ch\/wp-content\/uploads\/2026\/03\/SVT-10-523DSCF9591-web-768x512.jpg 768w, https:\/\/www.swissvoicetour.ch\/wp-content\/uploads\/2026\/03\/SVT-10-523DSCF9591-web-705x470.jpg 705w\" sizes=\"(max-width: 900px) 100vw, 900px\" \/><\/div><\/div><\/div><\/div>\n<\/div><\/div>\n<style type=\"text\/css\" data-created_by=\"avia_inline_auto\" id=\"style-css-av-1hpbxew-1620173e6ab11b063a75b6a9eabb84d3\">\n.flex_cell.av-1hpbxew-1620173e6ab11b063a75b6a9eabb84d3{\nvertical-align:middle;\n}\n.responsive #top #wrap_all .flex_cell.av-1hpbxew-1620173e6ab11b063a75b6a9eabb84d3{\npadding:30px 0px 30px 0px !important;\n}\n<\/style>\n<div class='flex_cell av-1hpbxew-1620173e6ab11b063a75b6a9eabb84d3 av-gridrow-cell av_one_third no_margin  avia-builder-el-6  el_after_av_cell_one_third  el_before_av_cell_one_third  content-align-middle'  ><div class='flex_cell_inner'><p>\n<style type=\"text\/css\" data-created_by=\"avia_inline_auto\" id=\"style-css-av-1fsrfo8-b33cc36cb270cce24eaa1d077430acb3\">\n.flex_column.av-1fsrfo8-b33cc36cb270cce24eaa1d077430acb3{\npadding:0px 0px 0px 0px;\n}\n<\/style>\n<div  class='flex_column av-1fsrfo8-b33cc36cb270cce24eaa1d077430acb3 av_one_full  avia-builder-el-7  el_before_av_one_full  avia-builder-el-first  first flex_column_div av-zero-column-padding  '     ><style type=\"text\/css\" data-created_by=\"avia_inline_auto\" id=\"style-css-av-1f2ji6w-6205d1b0d421668e8a2da802912266d5\">\n#top .av-special-heading.av-1f2ji6w-6205d1b0d421668e8a2da802912266d5{\npadding-bottom:10px;\nfont-size:3vw;\n}\nbody .av-special-heading.av-1f2ji6w-6205d1b0d421668e8a2da802912266d5 .av-special-heading-tag .heading-char{\nfont-size:25px;\n}\n#top #wrap_all .av-special-heading.av-1f2ji6w-6205d1b0d421668e8a2da802912266d5 .av-special-heading-tag{\nfont-size:3vw;\n}\n.av-special-heading.av-1f2ji6w-6205d1b0d421668e8a2da802912266d5 .av-subheading{\nfont-size:15px;\n}\n\n@media only screen and (min-width: 480px) and (max-width: 767px){ \n#top #wrap_all .av-special-heading.av-1f2ji6w-6205d1b0d421668e8a2da802912266d5 .av-special-heading-tag{\nfont-size:0.8em;\n}\n}\n\n@media only screen and (max-width: 479px){ \n#top #wrap_all .av-special-heading.av-1f2ji6w-6205d1b0d421668e8a2da802912266d5 .av-special-heading-tag{\nfont-size:0.8em;\n}\n}\n<\/style>\n<div  class='av-special-heading av-1f2ji6w-6205d1b0d421668e8a2da802912266d5 av-special-heading-h3 blockquote modern-quote modern-centered  avia-builder-el-8  avia-builder-el-no-sibling  av-inherit-size'><h3 class='av-special-heading-tag '  itemprop=\"headline\"  >SWISS VOICE TOUR<\/h3><div class=\"special-heading-border\"><div class=\"special-heading-inner-border\"><\/div><\/div><\/div><\/div>\n<style type=\"text\/css\" data-created_by=\"avia_inline_auto\" id=\"style-css-av-m6qz6zjb-ae6720077489e31b67afbe57737a6ece\">\n.flex_column.av-m6qz6zjb-ae6720077489e31b67afbe57737a6ece{\nborder-radius:0px 0px 0px 0px;\npadding:0px 0px 0px 0px;\n}\n<\/style>\n<div  class='flex_column av-m6qz6zjb-ae6720077489e31b67afbe57737a6ece av_one_full  avia-builder-el-9  el_after_av_one_full  avia-builder-el-last  first flex_column_div  column-top-margin'     ><section  class='av_textblock_section av-m6qyys9q-b69f5af899fa7c496d7cc97872d56975 '   itemscope=\"itemscope\" itemtype=\"https:\/\/schema.org\/CreativeWork\" ><div class='avia_textblock'  itemprop=\"text\" ><p style=\"text-align: center;\">Im Laufe der Jahre hat sich die Swiss Voice Tour zum gr\u00f6ssten Gesangswettbewerben in der Schweiz entwickelt. Das Konzept entstand 2014 als Kids Voice Tour und stand nur Teilnehmenden unter 16 Jahren offen. Im Jahr 2019 wurde die Erwachsenen-Kategorie erg\u00e4nzt und somit eine erweiterte Plattform f\u00fcr alle Talente geboten.<\/p>\n<p style=\"text-align: center;\">Die Castings finden von April bis September in der ganzen Schweiz vor einer Jury aus Profis der Musikwelt statt. Die ausgew\u00e4hlten S\u00e4nger:innen haben die einzigartige Chance, am grossen Finale teilzunehmen. Dieses Finale findet an einem symboltr\u00e4chtigen Ort statt: dem ber\u00fchmten Beaulieu-Theater in Lausanne, wo die Finalist:innen live vor 1&#8217;600 Zuschauern und 100&#8217;000 Fernsehzuschauern singen.<\/p>\n<p style=\"text-align: center;\">Und das ist noch nicht alles: Die beiden Sieger:innen dieses Abends, eine:r in der Kategorie Erwachsene und eine:r in der Kategorie Kids, gewinnen einen aussergew\u00f6hnlichen Preis: die Aufnahme einer Single und eines Videoclips.<\/p>\n<p style=\"text-align: center;\"><strong>Liebst du Musik? Versuche Dein Gl\u00fcck und lasse deine Stimme bei der Swiss Voice Tour 2026 erklingen!<\/strong><\/p>\n<\/div><\/section><\/div><\/p>\n<\/div><\/div>\n<style type=\"text\/css\" data-created_by=\"avia_inline_auto\" id=\"style-css-av-1clduco-cacf13fba648fb609265e144ca34b320\">\n.flex_cell.av-1clduco-cacf13fba648fb609265e144ca34b320{\nvertical-align:bottom;\n}\n.responsive #top #wrap_all .flex_cell.av-1clduco-cacf13fba648fb609265e144ca34b320{\npadding:30px 20px 30px 20px !important;\n}\n<\/style>\n<div class='flex_cell av-1clduco-cacf13fba648fb609265e144ca34b320 av-gridrow-cell av_one_third no_margin  avia-builder-el-11  el_after_av_cell_one_third  avia-builder-el-last  content-align-bottom'  ><div class='flex_cell_inner'><div  class='flex_column av-1b316jc-77e12a83bf48cd858cb7f4dac9bfe2cc av_one_full  avia-builder-el-12  avia-builder-el-no-sibling  first flex_column_div  '     ><style type=\"text\/css\" data-created_by=\"avia_inline_auto\" id=\"style-css-av-1a45e7c-5a4f5239bdb21e65b7994267e06d4bb2\">\n.avia-image-container.av-1a45e7c-5a4f5239bdb21e65b7994267e06d4bb2 img.avia_image{\nbox-shadow:none;\n}\n.avia-image-container.av-1a45e7c-5a4f5239bdb21e65b7994267e06d4bb2 .av-image-caption-overlay-center{\ncolor:#ffffff;\n}\n<\/style>\n<div  class='avia-image-container av-1a45e7c-5a4f5239bdb21e65b7994267e06d4bb2 av-styling- avia-align-center  avia-builder-el-13  avia-builder-el-no-sibling '   itemprop=\"image\" itemscope=\"itemscope\" itemtype=\"https:\/\/schema.org\/ImageObject\" ><div class=\"avia-image-container-inner\"><div class=\"avia-image-overlay-wrap\"><img decoding=\"async\" fetchpriority=\"high\" class='wp-image-16787 avia-img-lazy-loading-not-16787 avia_image ' src=\"https:\/\/www.swissvoicetour.ch\/wp-content\/uploads\/2026\/03\/SVT-10-498DSCF9460-web.jpg\" alt='' title='SVT 10'  height=\"600\" width=\"900\"  itemprop=\"thumbnailUrl\" srcset=\"https:\/\/www.swissvoicetour.ch\/wp-content\/uploads\/2026\/03\/SVT-10-498DSCF9460-web.jpg 900w, https:\/\/www.swissvoicetour.ch\/wp-content\/uploads\/2026\/03\/SVT-10-498DSCF9460-web-300x200.jpg 300w, https:\/\/www.swissvoicetour.ch\/wp-content\/uploads\/2026\/03\/SVT-10-498DSCF9460-web-768x512.jpg 768w, https:\/\/www.swissvoicetour.ch\/wp-content\/uploads\/2026\/03\/SVT-10-498DSCF9460-web-705x470.jpg 705w\" sizes=\"(max-width: 900px) 100vw, 900px\" \/><\/div><\/div><\/div><\/div>\n<\/div><\/div>\n<\/div>\n\n<style type=\"text\/css\" data-created_by=\"avia_inline_auto\" id=\"style-css-av-5jpy5k-c2f00491049586d2830c371cf85500ad\">\n.avia-section.av-5jpy5k-c2f00491049586d2830c371cf85500ad{\nbackground-color:#01021b;\nbackground-image:unset;\n}\n<\/style>\n<div id='jury'  class='avia-section av-5jpy5k-c2f00491049586d2830c371cf85500ad main_color avia-section-default avia-no-border-styling  avia-builder-el-14  el_after_av_layout_row  el_before_av_section  avia-bg-style-scroll av-minimum-height av-minimum-height-25 av-height-25  container_wrap fullsize'   data-av_minimum_height_pc='25' data-av_min_height_opt='25'><div class='container av-section-cont-open' ><div class='template-page content  av-content-full alpha units'><div class='post-entry post-entry-type-page post-entry-4248'><div class='entry-content-wrapper clearfix'>\n\n<style type=\"text\/css\" data-created_by=\"avia_inline_auto\" id=\"style-css-av-4f9z14-74a01ae471e0611ca86c193f6e542777\">\n#top .av-special-heading.av-4f9z14-74a01ae471e0611ca86c193f6e542777{\npadding-bottom:10px;\ncolor:#ffffff;\n}\nbody .av-special-heading.av-4f9z14-74a01ae471e0611ca86c193f6e542777 .av-special-heading-tag .heading-char{\nfont-size:25px;\n}\n.av-special-heading.av-4f9z14-74a01ae471e0611ca86c193f6e542777 .special-heading-inner-border{\nborder-color:#ffffff;\n}\n.av-special-heading.av-4f9z14-74a01ae471e0611ca86c193f6e542777 .av-subheading{\nfont-size:15px;\n}\n<\/style>\n<div  class='av-special-heading av-4f9z14-74a01ae471e0611ca86c193f6e542777 av-special-heading-h2 custom-color-heading blockquote modern-quote modern-centered  avia-builder-el-15  el_before_av_textblock  avia-builder-el-first '><h2 class='av-special-heading-tag '  itemprop=\"headline\"  >JURY<\/h2><div class=\"special-heading-border\"><div class=\"special-heading-inner-border\"><\/div><\/div><\/div>\n<section  class='av_textblock_section av-398zfs-c4cca4780802f454273c23ae72797056 '   itemscope=\"itemscope\" itemtype=\"https:\/\/schema.org\/CreativeWork\" ><div class='avia_textblock'  itemprop=\"text\" ><div class=\"wondercarousellightbox_options\" data-skinsfoldername=\"\"  data-jsfolder=\"https:\/\/www.swissvoicetour.ch\/wp-content\/plugins\/wonderplugin-carousel\/engine\/\" style=\"display:none;\"><\/div>\r\n<div class=\"wonderplugincarousel-container\" id=\"wonderplugincarousel-container-3\" style=\"padding: 30px 0px 30px 0px;\"><div class=\"wonderplugincarousel\" id=\"wonderplugincarousel-3\" data-carouselid=\"3\" data-width=\"300\" data-height=\"280\" data-skin=\"classicwithflip\" data-donotzoomin=\"false\" data-addpreloading=\"false\" data-multiplebyrow=\"false\" data-showimgtitle=\"false\" data-sameheight=\"false\" data-sameheightresponsive=\"false\" data-fullwidth=\"false\" data-centerimage=\"true\" data-fitimage=\"false\" data-fitcenterimage=\"true\" data-fixaspectratio=\"true\" data-autoplay=\"false\" data-random=\"false\" data-circular=\"true\" data-pauseonmouseover=\"false\" data-continuous=\"false\" data-responsive=\"true\" data-showhoveroverlay=\"false\" data-showhoveroverlayalways=\"false\" data-hidehoveroverlayontouch=\"false\" data-lightboxresponsive=\"true\" data-lightboxshownavigation=\"false\" data-lightboxnogroup=\"false\" data-lightboxshowtitle=\"true\" data-lightboxshowdescription=\"false\" data-lightboxaddsocialmedia=\"false\" data-usescreenquery=\"false\" data-donotinit=\"false\" data-addinitscript=\"false\" data-doshortcodeontext=\"false\" data-lightboxshowsocial=\"false\" data-lightboxshowemail=\"true\" data-lightboxshowfacebook=\"true\" data-lightboxshowtwitter=\"true\" data-lightboxshowpinterest=\"true\" data-lightboxsocialrotateeffect=\"true\" data-donotcircularforless=\"false\" data-deferloading=\"false\" data-enablelazyload=\"false\" data-usebase64=\"true\" data-limitvisibleitemstolength=\"true\" data-hidearrowsandbulletsforonepage=\"true\" data-showfirstlasthalf=\"false\" data-verticalflexheight=\"false\" data-hidebulletssmallscreen=\"false\" data-removeinlinecss=\"true\" data-lightboxinityoutube=\"true\" data-lightboxinitvimeo=\"true\" data-hidecontainerbeforeloaded=\"false\" data-hidecontaineroninit=\"true\" data-lightboximagekeepratio=\"true\" data-showplayvideo=\"true\" data-triggerresize=\"false\" data-lightboxfullscreenmode=\"false\" data-lightboxcloseonoverlay=\"true\" data-lightboxvideohidecontrols=\"false\" data-lightboxautoslide=\"false\" data-lightboxshowtimer=\"true\" data-lightboxshowplaybutton=\"false\" data-lightboxalwaysshownavarrows=\"false\" data-lightboxshowtitleprefix=\"false\" data-preloadingimage=\"loading-0.gif\" data-spacing=\"18\" data-rownumber=\"1\" data-visibleitems=\"5\" data-arrowstyle=\"always\" data-arrowimage=\"https:\/\/swissvoicetour.smartfox-adtech.ch\/wp-content\/uploads\/2020\/03\/fleches.png\" data-arrowwidth=\"32\" data-arrowheight=\"48\" data-navstyle=\"bullets\" data-navimage=\"https:\/\/swissvoicetour.smartfox-adtech.ch\/wp-content\/uploads\/2020\/03\/bullet-16-16-0.png\" data-navwidth=\"16\" data-navheight=\"16\" data-navspacing=\"8\" data-hoveroverlayimage=\"hoveroverlay-64-64-3.png\" data-lightboxthumbwidth=\"90\" data-lightboxthumbheight=\"60\" data-lightboxthumbtopmargin=\"12\" data-lightboxthumbbottommargin=\"4\" data-lightboxbarheight=\"64\" data-lightboxtitlebottomcss=\"{color:#333; font-size:14px; font-family:Armata,sans-serif,Arial; overflow:hidden; text-align:left;}\" data-lightboxdescriptionbottomcss=\"{color:#333; font-size:12px; font-family:Arial,Helvetica,sans-serif; overflow:hidden; text-align:left; margin:4px 0px 0px; padding: 0px;}\" data-continuousduration=\"5000\" data-autoplaydir=\"left\" data-scrollmode=\"page\" data-interval=\"3000\" data-transitionduration=\"1000\" data-lightboxtitlestyle=\"bottom\" data-lightboximagepercentage=\"75\" data-lightboxdefaultvideovolume=\"1\" data-lightboxoverlaybgcolor=\"#000\" data-lightboxoverlayopacity=\"0.9\" data-lightboxbgcolor=\"#fff\" data-lightboxtitleprefix=\"%NUM \/ %TOTAL\" data-lightboxtitleinsidecss=\"color:#fff; font-size:16px; font-family:Arial,Helvetica,sans-serif; overflow:hidden; text-align:left;\" data-lightboxdescriptioninsidecss=\"color:#fff; font-size:12px; font-family:Arial,Helvetica,sans-serif; overflow:hidden; text-align:left; margin:4px 0px 0px; padding: 0px;\" data-playvideoimage=\"playvideo-64-64-0.png\" data-playvideoimagepos=\"center\" data-imgtitle=\"title\" data-circularlimit=\"3\" data-deferloadingdelay=\"0\" data-firstlasthalfsmallscreen=\"640\" data-hidebulletssmallscreensize=\"480\" data-movemode=\"carousel\" data-moveduration=\"500\" data-lightboxsocialposition=\"position:absolute;top:100%;right:0;\" data-lightboxsocialpositionsmallscreen=\"position:absolute;top:100%;right:0;left:0;\" data-lightboxsocialdirection=\"horizontal\" data-lightboxsocialbuttonsize=\"32\" data-lightboxsocialbuttonfontsize=\"18\" data-sameheightmediumscreen=\"769\" data-sameheightmediumheight=\"200\" data-sameheightsmallscreen=\"415\" data-sameheightsmallheight=\"150\" data-triggerresizedelay=\"100\" data-lightboxslideinterval=\"5000\" data-lightboxtimerposition=\"bottom\" data-lightboxtimercolor=\"#dc572e\" data-lightboxtimeropacity=\"1\" data-lightboxbordersize=\"8\" data-lightboxborderradius=\"0\" data-screenquery='{ \"tablet\": { \"screenwidth\": 800, \"visibleitems\": 2 }, \"mobile\": { \"screenwidth\": 480, \"visibleitems\": 1 } }' data-jsfolder=\"https:\/\/www.swissvoicetour.ch\/wp-content\/plugins\/wonderplugin-carousel\/engine\/\" style=\"display:none;position:relative;margin:0 auto;width:100%;max-width:1500px;\" ><div class=\"amazingcarousel-list-container\" style=\"overflow:hidden;\"><ul class=\"amazingcarousel-list\"><li class=\"amazingcarousel-item\"><div class=\"amazingcarousel-item-container\"><div class=\"amazingcarousel-flip\">\n<div class=\"amazingcarousel-flip-wrapper\">\n<div class=\"amazingcarousel-title\">Lorenzo Marra<br \/> <b>Profis\u00e4nger und K\u00fcnstleragent<\/b><\/div>\n<div class=\"amazingcarousel-description\">Profis\u00e4nger und K\u00fcnstleragent. Sieger der Schweizer Ausscheidung f\u00fcr Sanremo in der Kategorie \u00abGiovani\u00bb 1996. Gewinner der Sendung \u00abSuperstar d\u2019un soir\u00bb im Jahr 2000. Mehrere Eurovision-Vorausscheidungen.<\/div>\n<div class=\"amazingcarousel-button\"><\/div>\n<\/div>\n<\/div>\n<div class=\"amazingcarousel-flipout\">\n<div class=\"amazingcarousel-image\"><img decoding=\"async\" class=\"amazingcarousel-image-img\" src=\"https:\/\/www.swissvoicetour.ch\/wp-content\/uploads\/2020\/03\/Marra.png\" alt=\"Lorenzo Marra Profis\u00e4nger und K\u00fcnstleragent\" data-description=\"Profis\u00e4nger und K\u00fcnstleragent. Sieger der Schweizer Ausscheidung f\u00fcr Sanremo in der Kategorie \u00abGiovani\u00bb 1996. Gewinner der Sendung \u00abSuperstar d\u2019un soir\u00bb im Jahr 2000. Mehrere Eurovision-Vorausscheidungen.\" \/><\/div>\n<div class=\"amazingcarousel-title\">Lorenzo Marra<br \/> <b>Profis\u00e4nger und K\u00fcnstleragent<\/b><\/div>\n<\/div><\/div><\/li><li class=\"amazingcarousel-item\"><div class=\"amazingcarousel-item-container\"><div class=\"amazingcarousel-flip\">\n<div class=\"amazingcarousel-flip-wrapper\">\n<div class=\"amazingcarousel-title\">Santo di Pollina<br \/> <b> Singer-Songwriter <\/b><\/div>\n<div class=\"amazingcarousel-description\">Santo Di Pollina ist ein ehemaliger Schweizer Hip-Hop-Meister und seit seiner fr\u00fchesten Kindheit musikbegeistert. Als Singer-Songwriter und Manager der K\u00fcnstlerin JENNY & ME, Finalistin der Swiss Voice Tour, stellt er seine Erfahrung in den Dienst vielf\u00e4ltiger k\u00fcnstlerischer Projekte. Der Weitergabe von Wissen sehr verbunden, hat er seine Tochter bei Gesangswettbewerben in der Schweiz und international begleitet.<\/div>\n<div class=\"amazingcarousel-button\"><\/div>\n<\/div>\n<\/div>\n<div class=\"amazingcarousel-flipout\">\n<div class=\"amazingcarousel-image\"><a href=\"https:\/\/www.swissvoicetour.ch\/wp-content\/uploads\/2026\/04\/Santo-Di-Pollina.jpg\" data-title=\"Santo di Pollina&lt;br \/&gt; &lt;b&gt; Singer-Songwriter &lt;\/b&gt;\" data-description=\"Santo Di Pollina ist ein ehemaliger Schweizer Hip-Hop-Meister und seit seiner fr\u00fchesten Kindheit musikbegeistert. Als Singer-Songwriter und Manager der K\u00fcnstlerin JENNY & ME, Finalistin der Swiss Voice Tour, stellt er seine Erfahrung in den Dienst vielf\u00e4ltiger k\u00fcnstlerischer Projekte. Der Weitergabe von Wissen sehr verbunden, hat er seine Tochter bei Gesangswettbewerben in der Schweiz und international begleitet.\" data-thumbnail=\"https:\/\/www.swissvoicetour.ch\/wp-content\/uploads\/2026\/04\/Santo-Di-Pollina-300x300.jpg\" class=\"wondercarousellightbox wondercarousellightbox-3\" data-group=\"wondercarousellightbox-3\" data-mediatype=0><img decoding=\"async\" class=\"amazingcarousel-image-img\" src=\"https:\/\/www.swissvoicetour.ch\/wp-content\/uploads\/2026\/04\/Santo-Di-Pollina.jpg\" alt=\"Santo di Pollina  Singer-Songwriter \" data-description=\"Santo Di Pollina ist ein ehemaliger Schweizer Hip-Hop-Meister und seit seiner fr\u00fchesten Kindheit musikbegeistert. Als Singer-Songwriter und Manager der K\u00fcnstlerin JENNY & ME, Finalistin der Swiss Voice Tour, stellt er seine Erfahrung in den Dienst vielf\u00e4ltiger k\u00fcnstlerischer Projekte. Der Weitergabe von Wissen sehr verbunden, hat er seine Tochter bei Gesangswettbewerben in der Schweiz und international begleitet.\" \/><\/a><\/div>\n<div class=\"amazingcarousel-title\">Santo di Pollina<br \/> <b> Singer-Songwriter <\/b><\/div>\n<\/div><\/div><\/li><li class=\"amazingcarousel-item\"><div class=\"amazingcarousel-item-container\"><div class=\"amazingcarousel-flip\">\n<div class=\"amazingcarousel-flip-wrapper\">\n<div class=\"amazingcarousel-title\">Rebecca Spiteri<br \/> <b>S\u00e4ngerin <\/b><\/div>\n<div class=\"amazingcarousel-description\">Rebecca Spiteri ist Singer-Songwriterin mit internationalem Hintergrund und einer grossen Leidenschaft f\u00fcr die Vielfalt der Musik. Dank ihrer Mehrsprachigkeit bewegt sie sich m\u00fchelos zwischen spritzigem Swing, erdigem Blues und sanft-melancholischem Bossa Nova. Seit ihrer R\u00fcckkehr in die Schweiz steht sie regelm\u00e4ssig mit verschiedenen Bands auf der B\u00fchne und engagiert sich als einf\u00fchlsame und engagierte Vocalcoach f\u00fcr Kinder und Erwachsene.<\/div>\n<div class=\"amazingcarousel-button\"><\/div>\n<\/div>\n<\/div>\n<div class=\"amazingcarousel-flipout\">\n<div class=\"amazingcarousel-image\"><a href=\"https:\/\/www.swissvoicetour.ch\/wp-content\/uploads\/2023\/01\/PHOTO-2022-07-25-11-46-57.jpg\" data-title=\"Rebecca Spiteri&lt;br \/&gt; &lt;b&gt;S\u00e4ngerin &lt;\/b&gt;\" data-description=\"Rebecca Spiteri ist Singer-Songwriterin mit internationalem Hintergrund und einer grossen Leidenschaft f\u00fcr die Vielfalt der Musik. Dank ihrer Mehrsprachigkeit bewegt sie sich m\u00fchelos zwischen spritzigem Swing, erdigem Blues und sanft-melancholischem Bossa Nova. Seit ihrer R\u00fcckkehr in die Schweiz steht sie regelm\u00e4ssig mit verschiedenen Bands auf der B\u00fchne und engagiert sich als einf\u00fchlsame und engagierte Vocalcoach f\u00fcr Kinder und Erwachsene.\" data-thumbnail=\"https:\/\/www.swissvoicetour.ch\/wp-content\/uploads\/2023\/01\/PHOTO-2022-07-25-11-46-57-900x1030.jpg\" class=\"wondercarousellightbox wondercarousellightbox-3\" data-group=\"wondercarousellightbox-3\" data-mediatype=0><img decoding=\"async\" class=\"amazingcarousel-image-img\" src=\"https:\/\/www.swissvoicetour.ch\/wp-content\/uploads\/2023\/01\/PHOTO-2022-07-25-11-46-57.jpg\" alt=\"\" data-title=\"Rebecca Spiteri&lt;br \/&gt; &lt;b&gt;S\u00e4ngerin &lt;\/b&gt;\" data-description=\"Rebecca Spiteri ist Singer-Songwriterin mit internationalem Hintergrund und einer grossen Leidenschaft f\u00fcr die Vielfalt der Musik. Dank ihrer Mehrsprachigkeit bewegt sie sich m\u00fchelos zwischen spritzigem Swing, erdigem Blues und sanft-melancholischem Bossa Nova. Seit ihrer R\u00fcckkehr in die Schweiz steht sie regelm\u00e4ssig mit verschiedenen Bands auf der B\u00fchne und engagiert sich als einf\u00fchlsame und engagierte Vocalcoach f\u00fcr Kinder und Erwachsene.\" \/><\/a><\/div>\n<div class=\"amazingcarousel-title\">Rebecca Spiteri<br \/> <b>S\u00e4ngerin <\/b><\/div>\n<\/div><\/div><\/li><li class=\"amazingcarousel-item\"><div class=\"amazingcarousel-item-container\"><div class=\"amazingcarousel-flip\">\n<div class=\"amazingcarousel-flip-wrapper\">\n<div class=\"amazingcarousel-title\">Olivier Cheuwa<br \/> <b>Autor, Komponist und S\u00e4nger<\/b><\/div>\n<div class=\"amazingcarousel-description\">Der Autor und Singer-Songwriter stammt aus Kamerun und ist in Kanada und der Schweiz aufgewachsen. Er ist Kommunikationscoach und arbeitet als Assistent im Musikunterricht im Kanton Waadt. 2014 war er Kandidat bei The Voice of Switzerland und 2010 wurde er sowohl von Radio France Inter als auch von Radio Canada International der H\u00f6rerschaft als \u00abCoup de c\u0153ur\u00bb empfohlen. <\/div>\n<div class=\"amazingcarousel-button\"><\/div>\n<\/div>\n<\/div>\n<div class=\"amazingcarousel-flipout\">\n<div class=\"amazingcarousel-image\"><a href=\"https:\/\/www.swissvoicetour.ch\/wp-content\/uploads\/2023\/01\/jury-Matran.jpg\" data-title=\"Olivier Cheuwa&lt;br \/&gt; &lt;b&gt;Autor, Komponist und S\u00e4nger&lt;\/b&gt;\" data-description=\"Der Autor und Singer-Songwriter stammt aus Kamerun und ist in Kanada und der Schweiz aufgewachsen. Er ist Kommunikationscoach und arbeitet als Assistent im Musikunterricht im Kanton Waadt. 2014 war er Kandidat bei The Voice of Switzerland und 2010 wurde er sowohl von Radio France Inter als auch von Radio Canada International der H\u00f6rerschaft als \u00abCoup de c\u0153ur\u00bb empfohlen. \" data-thumbnail=\"https:\/\/www.swissvoicetour.ch\/wp-content\/uploads\/2023\/01\/jury-Matran-724x1030.jpg\" class=\"wondercarousellightbox wondercarousellightbox-3\" data-group=\"wondercarousellightbox-3\" data-mediatype=0><img decoding=\"async\" class=\"amazingcarousel-image-img\" src=\"https:\/\/www.swissvoicetour.ch\/wp-content\/uploads\/2023\/01\/jury-Matran.jpg\" alt=\"Olivier Cheuwa Autor, Komponist und S\u00e4nger\" data-description=\"Der Autor und Singer-Songwriter stammt aus Kamerun und ist in Kanada und der Schweiz aufgewachsen. Er ist Kommunikationscoach und arbeitet als Assistent im Musikunterricht im Kanton Waadt. 2014 war er Kandidat bei The Voice of Switzerland und 2010 wurde er sowohl von Radio France Inter als auch von Radio Canada International der H\u00f6rerschaft als \u00abCoup de c\u0153ur\u00bb empfohlen. \" \/><\/a><\/div>\n<div class=\"amazingcarousel-title\">Olivier Cheuwa<br \/> <b>Autor, Komponist und S\u00e4nger<\/b><\/div>\n<\/div><\/div><\/li><li class=\"amazingcarousel-item\"><div class=\"amazingcarousel-item-container\"><div class=\"amazingcarousel-flip\">\n<div class=\"amazingcarousel-flip-wrapper\">\n<div class=\"amazingcarousel-title\">Eugenia Vieira<br \/> <b>Gesangscoach und Gesangslehrerin<\/b><\/div>\n<div class=\"amazingcarousel-description\">Genia ist Vocal Coach und diplomierte Gesangslehrerin f\u00fcr zeitgen\u00f6ssischen Gesang sowie Interpretin. Als Spezialistin f\u00fcr moderne Gesangstechniken begleitet sie seit 2013 S\u00e4ngerinnen und S\u00e4nger mit einem physiologischen Ansatz. Au\u00dferdem erstellt sie Online-Inhalte und baut ihre k\u00fcnstlerische Karriere in Komposition und Musikproduktion weiter aus.<\/div>\n<div class=\"amazingcarousel-button\"><\/div>\n<\/div>\n<\/div>\n<div class=\"amazingcarousel-flipout\">\n<div class=\"amazingcarousel-image\"><a href=\"https:\/\/www.swissvoicetour.ch\/wp-content\/uploads\/2026\/04\/Eugenia-Vieira-scaled.jpg\" data-title=\"Eugenia Vieira&lt;br \/&gt; &lt;b&gt;Gesangscoach und Gesangslehrerin&lt;\/b&gt;\" data-description=\"Genia ist Vocal Coach und diplomierte Gesangslehrerin f\u00fcr zeitgen\u00f6ssischen Gesang sowie Interpretin. Als Spezialistin f\u00fcr moderne Gesangstechniken begleitet sie seit 2013 S\u00e4ngerinnen und S\u00e4nger mit einem physiologischen Ansatz. Au\u00dferdem erstellt sie Online-Inhalte und baut ihre k\u00fcnstlerische Karriere in Komposition und Musikproduktion weiter aus.\" data-thumbnail=\"https:\/\/www.swissvoicetour.ch\/wp-content\/uploads\/2026\/04\/Eugenia-Vieira-911x1030.jpg\" class=\"wondercarousellightbox wondercarousellightbox-3\" data-group=\"wondercarousellightbox-3\" data-mediatype=0><img decoding=\"async\" class=\"amazingcarousel-image-img\" src=\"https:\/\/www.swissvoicetour.ch\/wp-content\/uploads\/2026\/04\/Eugenia-Vieira-scaled.jpg\" alt=\"Eugenia Vieira Gesangscoach und Gesangslehrerin\" data-description=\"Genia ist Vocal Coach und diplomierte Gesangslehrerin f\u00fcr zeitgen\u00f6ssischen Gesang sowie Interpretin. Als Spezialistin f\u00fcr moderne Gesangstechniken begleitet sie seit 2013 S\u00e4ngerinnen und S\u00e4nger mit einem physiologischen Ansatz. Au\u00dferdem erstellt sie Online-Inhalte und baut ihre k\u00fcnstlerische Karriere in Komposition und Musikproduktion weiter aus.\" \/><\/a><\/div>\n<div class=\"amazingcarousel-title\">Eugenia Vieira<br \/> <b>Gesangscoach und Gesangslehrerin<\/b><\/div>\n<\/div><\/div><\/li><li class=\"amazingcarousel-item\"><div class=\"amazingcarousel-item-container\"><div class=\"amazingcarousel-flip\">\n<div class=\"amazingcarousel-flip-wrapper\">\n<div class=\"amazingcarousel-title\">Cabry<br \/> <b>S\u00e4nger<\/b><\/div>\n<div class=\"amazingcarousel-description\">Nachdem er Kandidat bei Nouvelle Star und The Voice gewesen und am Montreux Jazz Festival sowie am Pal\u00e9o Festival aufgetreten ist, wird Cabry nun f\u00fcr vier Jahre Jrymitglied bei der Kids  Voice Tour. Der S\u00e4nger aus dem Wallis arbeitet an seinem sechsten Album. Er ist ein echter Showman auf der B\u00fchne.<\/div>\n<div class=\"amazingcarousel-button\"><\/div>\n<\/div>\n<\/div>\n<div class=\"amazingcarousel-flipout\">\n<div class=\"amazingcarousel-image\"><a href=\"https:\/\/www.swissvoicetour.ch\/wp-content\/uploads\/2023\/02\/Cabry-e1678367512396.jpg\" data-title=\"Cabry&lt;br \/&gt; &lt;b&gt;S\u00e4nger&lt;\/b&gt;\" data-description=\"Nachdem er Kandidat bei Nouvelle Star und The Voice gewesen und am Montreux Jazz Festival sowie am Pal\u00e9o Festival aufgetreten ist, wird Cabry nun f\u00fcr vier Jahre Jrymitglied bei der Kids  Voice Tour. Der S\u00e4nger aus dem Wallis arbeitet an seinem sechsten Album. Er ist ein echter Showman auf der B\u00fchne.\" data-thumbnail=\"https:\/\/www.swissvoicetour.ch\/wp-content\/uploads\/2023\/02\/Cabry-1030x657.jpg\" class=\"wondercarousellightbox wondercarousellightbox-3\" data-group=\"wondercarousellightbox-3\" data-mediatype=0><img decoding=\"async\" class=\"amazingcarousel-image-img\" src=\"https:\/\/www.swissvoicetour.ch\/wp-content\/uploads\/2023\/02\/Cabry-e1678367512396.jpg\" alt=\"Cabry S\u00e4nger\" data-description=\"Nachdem er Kandidat bei Nouvelle Star und The Voice gewesen und am Montreux Jazz Festival sowie am Pal\u00e9o Festival aufgetreten ist, wird Cabry nun f\u00fcr vier Jahre Jrymitglied bei der Kids  Voice Tour. Der S\u00e4nger aus dem Wallis arbeitet an seinem sechsten Album. Er ist ein echter Showman auf der B\u00fchne.\" \/><\/a><\/div>\n<div class=\"amazingcarousel-title\">Cabry<br \/> <b>S\u00e4nger<\/b><\/div>\n<\/div><\/div><\/li><li class=\"amazingcarousel-item\"><div class=\"amazingcarousel-item-container\"><div class=\"amazingcarousel-flip\">\n<div class=\"amazingcarousel-flip-wrapper\">\n<div class=\"amazingcarousel-title\">Myriam Schmid<br \/> <b>S\u00e4ngerin und Gesangslehrerin<\/b><\/div>\n<div class=\"amazingcarousel-description\">Myriam Schmid, geboren 1981 in Bern, ist S\u00e4ngerin und Gesangslehrerin mit Diplom der Jazzschule Z\u00fcrich. Aus einer Musikerfamilie stammend, unterrichtet sie heute Gesang, leitet ihr eigenes Studio und tritt als Solok\u00fcnstlerin unter dem Namen Meloosh auf.<\/div>\n<div class=\"amazingcarousel-button\"><\/div>\n<\/div>\n<\/div>\n<div class=\"amazingcarousel-flipout\">\n<div class=\"amazingcarousel-image\"><a href=\"https:\/\/www.swissvoicetour.ch\/wp-content\/uploads\/2026\/04\/Myriam-Schmid-2.png\" data-title=\"Myriam Schmid&lt;br \/&gt; &lt;b&gt;S\u00e4ngerin und Gesangslehrerin&lt;\/b&gt;\" data-description=\"Myriam Schmid, geboren 1981 in Bern, ist S\u00e4ngerin und Gesangslehrerin mit Diplom der Jazzschule Z\u00fcrich. Aus einer Musikerfamilie stammend, unterrichtet sie heute Gesang, leitet ihr eigenes Studio und tritt als Solok\u00fcnstlerin unter dem Namen Meloosh auf.\" data-thumbnail=\"https:\/\/www.swissvoicetour.ch\/wp-content\/uploads\/2026\/04\/Myriam-Schmid-2-80x80.png\" class=\"wondercarousellightbox wondercarousellightbox-3\" data-group=\"wondercarousellightbox-3\" data-mediatype=0><img decoding=\"async\" class=\"amazingcarousel-image-img\" src=\"https:\/\/www.swissvoicetour.ch\/wp-content\/uploads\/2026\/04\/Myriam-Schmid-2.png\" alt=\"Myriam Schmid S\u00e4ngerin und Gesangslehrerin\" data-description=\"Myriam Schmid, geboren 1981 in Bern, ist S\u00e4ngerin und Gesangslehrerin mit Diplom der Jazzschule Z\u00fcrich. Aus einer Musikerfamilie stammend, unterrichtet sie heute Gesang, leitet ihr eigenes Studio und tritt als Solok\u00fcnstlerin unter dem Namen Meloosh auf.\" \/><\/a><\/div>\n<div class=\"amazingcarousel-title\">Myriam Schmid<br \/> <b>S\u00e4ngerin und Gesangslehrerin<\/b><\/div>\n<\/div><\/div><\/li><li class=\"amazingcarousel-item\"><div class=\"amazingcarousel-item-container\"><div class=\"amazingcarousel-flip\">\n<div class=\"amazingcarousel-flip-wrapper\">\n<div class=\"amazingcarousel-title\">Ioana Butu<br \/> <b>S\u00e4ngerin, Schauspielerin und Puppenspielerin<\/b><\/div>\n<div class=\"amazingcarousel-description\">Ioana Butu ist eine aus Rum\u00e4nien stammende S\u00e4ngerin, Schauspielerin und Marionettenspielerin mit \u00fcber 30 Jahren B\u00fchnenerfahrung. Sie arbeitet aktiv mit Dodo Hug and Band und 1001 nota zusammen. Ausserdem arbeitet sie bei Radiotelevisione Svizzera (RSI) in der Sendung \u00abColazione con Peo\u00bb als Marionettenspielerin.<\/div>\n<div class=\"amazingcarousel-button\"><\/div>\n<\/div>\n<\/div>\n<div class=\"amazingcarousel-flipout\">\n<div class=\"amazingcarousel-image\"><a href=\"https:\/\/www.swissvoicetour.ch\/wp-content\/uploads\/2023\/02\/ioana-butu-jury-scaled.jpg\" data-title=\"Ioana Butu&lt;br \/&gt; &lt;b&gt;S\u00e4ngerin, Schauspielerin und Puppenspielerin&lt;\/b&gt;\" data-description=\"Ioana Butu ist eine aus Rum\u00e4nien stammende S\u00e4ngerin, Schauspielerin und Marionettenspielerin mit \u00fcber 30 Jahren B\u00fchnenerfahrung. Sie arbeitet aktiv mit Dodo Hug and Band und 1001 nota zusammen. Ausserdem arbeitet sie bei Radiotelevisione Svizzera (RSI) in der Sendung \u00abColazione con Peo\u00bb als Marionettenspielerin.\" data-thumbnail=\"https:\/\/www.swissvoicetour.ch\/wp-content\/uploads\/2023\/02\/ioana-butu-jury-687x1030.jpg\" class=\"wondercarousellightbox wondercarousellightbox-3\" data-group=\"wondercarousellightbox-3\" data-mediatype=0><img decoding=\"async\" class=\"amazingcarousel-image-img\" src=\"https:\/\/www.swissvoicetour.ch\/wp-content\/uploads\/2023\/02\/ioana-butu-jury-scaled.jpg\" alt=\"Ioana Butu S\u00e4ngerin, Schauspielerin und Puppenspielerin\" data-description=\"Ioana Butu ist eine aus Rum\u00e4nien stammende S\u00e4ngerin, Schauspielerin und Marionettenspielerin mit \u00fcber 30 Jahren B\u00fchnenerfahrung. Sie arbeitet aktiv mit Dodo Hug and Band und 1001 nota zusammen. Ausserdem arbeitet sie bei Radiotelevisione Svizzera (RSI) in der Sendung \u00abColazione con Peo\u00bb als Marionettenspielerin.\" \/><\/a><\/div>\n<div class=\"amazingcarousel-title\">Ioana Butu<br \/> <b>S\u00e4ngerin, Schauspielerin und Puppenspielerin<\/b><\/div>\n<\/div><\/div><\/li><li class=\"amazingcarousel-item\"><div class=\"amazingcarousel-item-container\"><div class=\"amazingcarousel-flip\">\n<div class=\"amazingcarousel-flip-wrapper\">\n<div class=\"amazingcarousel-title\">Laura Scaglia<br \/> <b>S\u00e4ngerin<\/b><\/div>\n<div class=\"amazingcarousel-description\">Die energiegeladene K\u00fcnstlerin ver\u00f6ffentlichte 2021 ihr Visual Album \u00abThe Calling\u00bb, \u00fcber das zahlreiche Schweizer Medien berichtet haben. Laura Scaglia, die mit ihrer ansteckenden Energie und echter Sensibilit\u00e4t \u00fcberzeugt, trat k\u00fcrzlich beim Rock Oz\u2019Ar\u00e8nes und beim Venoge Festival auf. Derzeit bereitet sie die f\u00fcr dieses Jahr geplante Ver\u00f6ffentlichung ihres zweiten Albums vor.<\/div>\n<div class=\"amazingcarousel-button\"><\/div>\n<\/div>\n<\/div>\n<div class=\"amazingcarousel-flipout\">\n<div class=\"amazingcarousel-image\"><a href=\"https:\/\/www.swissvoicetour.ch\/wp-content\/uploads\/2023\/01\/Laura-Scaglia-e1678368826349.png\" data-title=\"Laura Scaglia&lt;br \/&gt; &lt;b&gt;S\u00e4ngerin&lt;\/b&gt;\" data-description=\"Die energiegeladene K\u00fcnstlerin ver\u00f6ffentlichte 2021 ihr Visual Album \u00abThe Calling\u00bb, \u00fcber das zahlreiche Schweizer Medien berichtet haben. Laura Scaglia, die mit ihrer ansteckenden Energie und echter Sensibilit\u00e4t \u00fcberzeugt, trat k\u00fcrzlich beim Rock Oz\u2019Ar\u00e8nes und beim Venoge Festival auf. Derzeit bereitet sie die f\u00fcr dieses Jahr geplante Ver\u00f6ffentlichung ihres zweiten Albums vor.\" data-thumbnail=\"https:\/\/www.swissvoicetour.ch\/wp-content\/uploads\/2023\/01\/Laura-Scaglia-e1678368826349-300x157.png\" class=\"wondercarousellightbox wondercarousellightbox-3\" data-group=\"wondercarousellightbox-3\" data-mediatype=0><img decoding=\"async\" class=\"amazingcarousel-image-img\" src=\"https:\/\/www.swissvoicetour.ch\/wp-content\/uploads\/2023\/01\/Laura-Scaglia-e1678368826349.png\" alt=\"Laura Scaglia S\u00e4ngerin\" data-description=\"Die energiegeladene K\u00fcnstlerin ver\u00f6ffentlichte 2021 ihr Visual Album \u00abThe Calling\u00bb, \u00fcber das zahlreiche Schweizer Medien berichtet haben. Laura Scaglia, die mit ihrer ansteckenden Energie und echter Sensibilit\u00e4t \u00fcberzeugt, trat k\u00fcrzlich beim Rock Oz\u2019Ar\u00e8nes und beim Venoge Festival auf. Derzeit bereitet sie die f\u00fcr dieses Jahr geplante Ver\u00f6ffentlichung ihres zweiten Albums vor.\" \/><\/a><\/div>\n<div class=\"amazingcarousel-title\">Laura Scaglia<br \/> <b>S\u00e4ngerin<\/b><\/div>\n<\/div><\/div><\/li><li class=\"amazingcarousel-item\"><div class=\"amazingcarousel-item-container\"><div class=\"amazingcarousel-flip\">\n<div class=\"amazingcarousel-flip-wrapper\">\n<div class=\"amazingcarousel-title\">Virgilio Genovese<br \/> <b>Profis\u00e4nger <\/b><\/div>\n<div class=\"amazingcarousel-description\">\u00abVirgilio\u00bb stand schon im Alter von drei Jahren zum ersten Mal auf der B\u00fchne. Die Musik liegt dem aus dem sonnigen Sizilien stammenden Italiener im Blut. Mit zw\u00f6lf Jahren erhielt er bei CBS Sugar, Mailand, seinen ersten Plattenvertrag.  Ab 1972 sang er im Orchester von Mario Robbiani beim Schweizer Rundfunk. Sein weiterer Weg f\u00fchrte ihn sp\u00e4ter in verschiedenen Formationen als Profis\u00e4nger durch zahlreiche L\u00e4nder Europas.<\/div>\n<div class=\"amazingcarousel-button\"><\/div>\n<\/div>\n<\/div>\n<div class=\"amazingcarousel-flipout\">\n<div class=\"amazingcarousel-image\"><a href=\"https:\/\/www.swissvoicetour.ch\/wp-content\/uploads\/2022\/03\/virgilio-genovese-e1648190808405.jpg\" data-title=\"Virgilio Genovese&lt;br \/&gt; &lt;b&gt;Profis\u00e4nger &lt;\/b&gt;\" data-description=\"\u00abVirgilio\u00bb stand schon im Alter von drei Jahren zum ersten Mal auf der B\u00fchne. Die Musik liegt dem aus dem sonnigen Sizilien stammenden Italiener im Blut. Mit zw\u00f6lf Jahren erhielt er bei CBS Sugar, Mailand, seinen ersten Plattenvertrag.  Ab 1972 sang er im Orchester von Mario Robbiani beim Schweizer Rundfunk. Sein weiterer Weg f\u00fchrte ihn sp\u00e4ter in verschiedenen Formationen als Profis\u00e4nger durch zahlreiche L\u00e4nder Europas.\" data-thumbnail=\"https:\/\/www.swissvoicetour.ch\/wp-content\/uploads\/2022\/03\/virgilio-genovese-300x300.jpg\" class=\"wondercarousellightbox wondercarousellightbox-3\" data-group=\"wondercarousellightbox-3\" data-mediatype=0><img decoding=\"async\" class=\"amazingcarousel-image-img\" src=\"https:\/\/www.swissvoicetour.ch\/wp-content\/uploads\/2022\/03\/virgilio-genovese-e1648190808405.jpg\" alt=\"Virgilio Genovese Profis\u00e4nger \" data-description=\"\u00abVirgilio\u00bb stand schon im Alter von drei Jahren zum ersten Mal auf der B\u00fchne. Die Musik liegt dem aus dem sonnigen Sizilien stammenden Italiener im Blut. Mit zw\u00f6lf Jahren erhielt er bei CBS Sugar, Mailand, seinen ersten Plattenvertrag.  Ab 1972 sang er im Orchester von Mario Robbiani beim Schweizer Rundfunk. Sein weiterer Weg f\u00fchrte ihn sp\u00e4ter in verschiedenen Formationen als Profis\u00e4nger durch zahlreiche L\u00e4nder Europas.\" \/><\/a><\/div>\n<div class=\"amazingcarousel-title\">Virgilio Genovese<br \/> <b>Profis\u00e4nger <\/b><\/div>\n<\/div><\/div><\/li><li class=\"amazingcarousel-item\"><div class=\"amazingcarousel-item-container\"><div class=\"amazingcarousel-flip\">\n<div class=\"amazingcarousel-flip-wrapper\">\n<div class=\"amazingcarousel-title\">Damiano <br \/> <b>S\u00e4nger, Musiker und Konzertveranstalter<\/b><\/div>\n<div class=\"amazingcarousel-description\">S\u00e4nger, Musiker und Konzertveranstalter.<\/div>\n<div class=\"amazingcarousel-button\"><\/div>\n<\/div>\n<\/div>\n<div class=\"amazingcarousel-flipout\">\n<div class=\"amazingcarousel-image\"><a href=\"https:\/\/www.swissvoicetour.ch\/wp-content\/uploads\/2023\/02\/Damiano.jpg\" data-title=\"Damiano &lt;br \/&gt; &lt;b&gt;S\u00e4nger, Musiker und Konzertveranstalter&lt;\/b&gt;\" data-description=\"S\u00e4nger, Musiker und Konzertveranstalter.\" data-thumbnail=\"https:\/\/www.swissvoicetour.ch\/wp-content\/uploads\/2023\/02\/Damiano-230x300.jpg\" class=\"wondercarousellightbox wondercarousellightbox-3\" data-group=\"wondercarousellightbox-3\" data-mediatype=0><img decoding=\"async\" class=\"amazingcarousel-image-img\" src=\"https:\/\/www.swissvoicetour.ch\/wp-content\/uploads\/2023\/02\/Damiano.jpg\" alt=\"Damiano  S\u00e4nger, Musiker und Konzertveranstalter\" data-description=\"S\u00e4nger, Musiker und Konzertveranstalter.\" \/><\/a><\/div>\n<div class=\"amazingcarousel-title\">Damiano <br \/> <b>S\u00e4nger, Musiker und Konzertveranstalter<\/b><\/div>\n<\/div><\/div><\/li><li class=\"amazingcarousel-item\"><div class=\"amazingcarousel-item-container\"><div class=\"amazingcarousel-flip\">\n<div class=\"amazingcarousel-flip-wrapper\">\n<div class=\"amazingcarousel-title\">Maurizio Ciaramella <br \/> <b>Moderator und S\u00e4nger<\/b><\/div>\n<div class=\"amazingcarousel-description\">Nach seinem Milit\u00e4rdienst in Italien lebte er zwei Jahre lang auf der Insel Elba, wo er als Entertainer und S\u00e4nger in einem renommierten Restaurant arbeitete. Danach, im Alter von 23 Jahren, beschloss er, aus beruflichen Gr\u00fcnden in die Schweiz zu ziehen \u2013 nach Basel, wo er durch Beziehungen und grosse Ambitionen das Gl\u00fcck hatte, das Theaterensemble \u00abLa Nuova Generazione\u00bb kennenzulernen, wo er noch heute mit grossem Erfolg als Schauspieler und Regisseur t\u00e4tig ist und verschiedene Figuren der italienischen Kom\u00f6die in Dialekt spielt. <\/div>\n<div class=\"amazingcarousel-button\"><\/div>\n<\/div>\n<\/div>\n<div class=\"amazingcarousel-flipout\">\n<div class=\"amazingcarousel-image\"><a href=\"https:\/\/www.swissvoicetour.ch\/wp-content\/uploads\/2023\/03\/Maurizio-Ciaramella-1.jpg\" data-title=\"Maurizio Ciaramella &lt;br \/&gt; &lt;b&gt;Moderator und S\u00e4nger&lt;\/b&gt;\" data-description=\"Nach seinem Milit\u00e4rdienst in Italien lebte er zwei Jahre lang auf der Insel Elba, wo er als Entertainer und S\u00e4nger in einem renommierten Restaurant arbeitete. Danach, im Alter von 23 Jahren, beschloss er, aus beruflichen Gr\u00fcnden in die Schweiz zu ziehen \u2013 nach Basel, wo er durch Beziehungen und grosse Ambitionen das Gl\u00fcck hatte, das Theaterensemble \u00abLa Nuova Generazione\u00bb kennenzulernen, wo er noch heute mit grossem Erfolg als Schauspieler und Regisseur t\u00e4tig ist und verschiedene Figuren der italienischen Kom\u00f6die in Dialekt spielt. \" data-thumbnail=\"https:\/\/www.swissvoicetour.ch\/wp-content\/uploads\/2023\/03\/Maurizio-Ciaramella-1-225x300.jpg\" class=\"wondercarousellightbox wondercarousellightbox-3\" data-group=\"wondercarousellightbox-3\" data-mediatype=0><img decoding=\"async\" class=\"amazingcarousel-image-img\" src=\"https:\/\/www.swissvoicetour.ch\/wp-content\/uploads\/2023\/03\/Maurizio-Ciaramella-1.jpg\" alt=\"Maurizio Ciaramella  Moderator und S\u00e4nger\" data-description=\"Nach seinem Milit\u00e4rdienst in Italien lebte er zwei Jahre lang auf der Insel Elba, wo er als Entertainer und S\u00e4nger in einem renommierten Restaurant arbeitete. Danach, im Alter von 23 Jahren, beschloss er, aus beruflichen Gr\u00fcnden in die Schweiz zu ziehen \u2013 nach Basel, wo er durch Beziehungen und grosse Ambitionen das Gl\u00fcck hatte, das Theaterensemble \u00abLa Nuova Generazione\u00bb kennenzulernen, wo er noch heute mit grossem Erfolg als Schauspieler und Regisseur t\u00e4tig ist und verschiedene Figuren der italienischen Kom\u00f6die in Dialekt spielt. \" \/><\/a><\/div>\n<div class=\"amazingcarousel-title\">Maurizio Ciaramella <br \/> <b>Moderator und S\u00e4nger<\/b><\/div>\n<\/div><\/div><\/li><\/ul><div class=\"amazingcarousel-prev\"><\/div><div class=\"amazingcarousel-next\"><\/div><\/div><div class=\"amazingcarousel-nav\"><\/div><\/div><\/div><script>function wondercarousel_3_appendcss(csscode) {var head=document.head || document.getElementsByTagName(\"head\")[0];var style=document.createElement(\"style\");head.appendChild(style);style.type=\"text\/css\";if (style.styleSheet){style.styleSheet.cssText=csscode;} else {style.appendChild(document.createTextNode(csscode));}};wondercarousel_3_appendcss(\"@import url(https:\/\/fonts.googleapis.com\/css?family=Open+Sans);  #wonderplugincarousel-3 .amazingcarousel-flip { \tposition: absolute; \tdisplay: block; \ttop: 0; \tleft: 0; \twidth: 100%; \theight: 100%; \tmargin: 0; \tpadding: 0; \tbox-sizing: border-box; \tbackground-color: #fff; \tborder: 1px solid #ddd; \t-moz-box-shadow: 0px 0px 5px 1px rgba(96, 96, 96, 0.1); \t-webkit-box-shadow: 0px 0px 5px 1px rgba(96, 96, 96, 0.1); \tbox-shadow: 0px 0px 5px 1px rgba(96, 96, 96, 0.1); \tcursor: pointer; \tperspective: 1000; \t-webkit-perspective: 1000; \ttransition: 0.6s; \t-webkit-transition: 0.6s; \ttransform-style: preserve-3d; \t-webkit-transform-style: preserve-3d; \tbackface-visibility: hidden; \t-webkit-backface-visibility: hidden; \ttransform: rotateY(-180deg); \t-webkit-transform: rotateY(-180deg); }  #wonderplugincarousel-3 .amazingcarousel-flip-wrapper {     display: block;     width: 100%;     height: auto;     position: absolute;     left: 0;     top: 30%;     transform: translateY(-30%);     backface-visibility: hidden;     -webkit-backface-visibility: hidden; }  #wonderplugincarousel-3 .amazingcarousel-item-container:hover .amazingcarousel-flip { \ttransform: rotateY(0deg); \t-webkit-transform: rotateY(0deg); }  #wonderplugincarousel-3 .amazingcarousel-flip .amazingcarousel-title {  display:none; }  #wonderplugincarousel-3 .amazingcarousel-flipout {\t \tposition: relative; \tpadding: 0px; \tbackground-color: transparent; \t\/*border: 1px solid #ddd;*\/ \t-moz-box-shadow: 0px 0px 5px 1px rgba(96, 96, 96, 0.1); \t-webkit-box-shadow: 0px 0px 5px 1px rgba(96, 96, 96, 0.1); \tbox-shadow: 0px 0px 5px 1px rgba(96, 96, 96, 0.1); \tperspective: 1000; \t-webkit-perspective: 1000; \ttransition: 0.6s; \t-webkit-transition: 0.6s; \ttransform-style: preserve-3d; \t-webkit-transform-style: preserve-3d; \tbackface-visibility: hidden; \t-webkit-backface-visibility: hidden; \ttransform: rotateY(0deg); \t-webkit-transform: rotateY(0deg); }  #wonderplugincarousel-3 .amazingcarousel-item-container:hover .amazingcarousel-flipout { \ttransform: rotateY(180deg); \t-webkit-transform: rotateY(180deg); }   #wonderplugincarousel-3 .amazingcarousel-image {\t \tposition: relative; \tpadding: 0px; }  #wonderplugincarousel-3 .amazingcarousel-image img { \tdisplay: block; \twidth: 100%; \tmax-width: 100%; \tborder: 0; \tmargin: 0; \tpadding: 0; \t-moz-border-radius: 0px; \t-webkit-border-radius: 0px; \tborder-radius: 0px; \t-moz-box-shadow:  0 1px 4px rgba(0, 0, 0, 0.2); \t-webkit-box-shadow: 0 1px 4px rgba(0, 0, 0, 0.2); \tbox-shadow: 0 1px 4px rgba(0, 0, 0, 0.2); }  #wonderplugincarousel-3 .amazingcarousel-title { \tposition:relative; \tfont:18px \\\"roboto\\\", \\\"HelveticaNeue\\\", \\\"Helvetica Neue\\\", \\\"Helvetica-Neue\\\", Helvetica, Arial, sans-serif; \tcolor:#333333; \tmargin:0 8px 8px 8px; \ttext-align:center; \t\/*text-shadow:0px 1px 1px #fff;*\/ \tcolor:#fff; \tpadding: 10px 0; \ttext-transform: uppercase; \tline-height: 28px; } #wonderplugincarousel-3 .amazingcarousel-title b{ \tposition:relative; \tfont:15px \\\"roboto\\\", \\\"HelveticaNeue\\\", \\\"Helvetica Neue\\\", \\\"Helvetica-Neue\\\", Helvetica, Arial, sans-serif; \ttext-transform: none !important; font-weight: bold; }  #wonderplugincarousel-3 .amazingcarousel-description { \tposition:relative; \tfont:normal 15px \\\"roboto\\\", \\\"HelveticaNeue\\\", \\\"Helvetica Neue\\\", \\\"Helvetica-Neue\\\", Helvetica, Arial, sans-serif; \tcolor:#333; \tmargin:20px; \ttext-align:center; }  #wonderplugincarousel-3 .amazingcarousel-list-container {  \tpadding: 16px 0; }  #wonderplugincarousel-3 .amazingcarousel-item-container { \ttext-align: center; \tpadding: 0; }  #wonderplugincarousel-3 .amazingcarousel-prev { \tleft: 0%; \ttop: 50%; \tmargin-left: -48px; \tmargin-top: -16px; }  #wonderplugincarousel-3 .amazingcarousel-next { \tright: 0%; \ttop: 50%; \tmargin-right: -48px; \tmargin-top: -16px; }  #wonderplugincarousel-3 .amazingcarousel-nav { \tposition: absolute; \twidth: 100%; \ttop: 100%; }  #wonderplugincarousel-3 .amazingcarousel-bullet-wrapper { \tmargin: 4px auto; }  .amazingcarousel-socialmedia-button { \tdisplay: inline-block; \tmargin: 4px; }  .amazingcarousel-socialmedia-button a { \tbox-shadow: none; }  .amazingcarousel-socialmedia-icon { \tdisplay:table-cell; \twidth:32px; \theight:32px; \tfont-size:18px; \tborder-radius:50%; \tcolor:#fff; \tvertical-align:middle; \ttext-align:center; \tcursor:pointer; \tpadding:0; }  .amazingcarousel-socialmedia-rotate { \ttransition: transform .4s ease-in;  }   .amazingcarousel-socialmedia-rotate:hover {  \ttransform: rotate(360deg);  } #wonderplugincarousel-3 .star-rating { \tdisplay: inline-block; }\");<\/script>\n<\/div><\/section>\n\n<\/div><\/div><\/div><!-- close content main div --><\/div><\/div><div id='av_section_3'  class='avia-section av-2d1fm-42151df713756e81281f8ba9d1c19639 main_color avia-section-default avia-no-border-styling  avia-builder-el-17  el_after_av_section  el_before_av_section  avia-bg-style-scroll container_wrap fullsize'  ><div class='container av-section-cont-open' ><div class='template-page content  av-content-full alpha units'><div class='post-entry post-entry-type-page post-entry-4248'><div class='entry-content-wrapper clearfix'>\n\n<style type=\"text\/css\" data-created_by=\"avia_inline_auto\" id=\"style-css-av-1bzhe-d91af19272e05cec4c47d0dabc5647ec\">\n.flex_column.av-1bzhe-d91af19272e05cec4c47d0dabc5647ec{\nborder-radius:0px 0px 0px 0px;\npadding:0px 0px 0px 0px;\n}\n<\/style>\n<div  class='flex_column av-1bzhe-d91af19272e05cec4c47d0dabc5647ec av_one_full  avia-builder-el-18  el_before_av_hr  avia-builder-el-first  first flex_column_div av-zero-column-padding  '     ><style type=\"text\/css\" data-created_by=\"avia_inline_auto\" id=\"style-css-av-k8fn0o82-6a4543580fe18b7d45b2155ec6934c97\">\n#top .av-special-heading.av-k8fn0o82-6a4543580fe18b7d45b2155ec6934c97{\npadding-bottom:10px;\n}\nbody .av-special-heading.av-k8fn0o82-6a4543580fe18b7d45b2155ec6934c97 .av-special-heading-tag .heading-char{\nfont-size:25px;\n}\n.av-special-heading.av-k8fn0o82-6a4543580fe18b7d45b2155ec6934c97 .av-subheading{\nfont-size:15px;\n}\n<\/style>\n<div  class='av-special-heading av-k8fn0o82-6a4543580fe18b7d45b2155ec6934c97 av-special-heading-h2 blockquote modern-quote modern-centered  avia-builder-el-19  avia-builder-el-no-sibling '><h2 class='av-special-heading-tag '  itemprop=\"headline\"  >COACHES<\/h2><div class=\"special-heading-border\"><div class=\"special-heading-inner-border\"><\/div><\/div><\/div><\/div>\n<style type=\"text\/css\" data-created_by=\"avia_inline_auto\" id=\"style-css-av-k7m2lier-52-e6bf3f753a151ad27e5036ae5dbf766d\">\n#top .hr.hr-invisible.av-k7m2lier-52-e6bf3f753a151ad27e5036ae5dbf766d{\nheight:60px;\n}\n<\/style>\n<div  class='hr av-k7m2lier-52-e6bf3f753a151ad27e5036ae5dbf766d hr-invisible  avia-builder-el-20  el_after_av_one_full  el_before_av_one_fourth '><span class='hr-inner '><span class=\"hr-inner-style\"><\/span><\/span><\/div>\n\n<style type=\"text\/css\" data-created_by=\"avia_inline_auto\" id=\"style-css-av-15296-4d89ede1ff7b5d74ba477113a6438c11\">\n.flex_column.av-15296-4d89ede1ff7b5d74ba477113a6438c11{\nborder-radius:0px 0px 0px 0px;\npadding:0px 0px 0px 0px;\n}\n<\/style>\n<div  class='flex_column av-15296-4d89ede1ff7b5d74ba477113a6438c11 av_one_fourth  avia-builder-el-21  el_after_av_hr  el_before_av_one_fourth  first flex_column_div av-zero-column-padding  '     ><p>\n<style type=\"text\/css\" data-created_by=\"avia_inline_auto\" id=\"style-css-av-k7m23xr8-94677e944a9befaf63f8b1dcacac526c\">\n.avia-image-container.av-k7m23xr8-94677e944a9befaf63f8b1dcacac526c img.avia_image{\nbox-shadow:none;\n}\n.avia-image-container.av-k7m23xr8-94677e944a9befaf63f8b1dcacac526c .av-image-caption-overlay-center{\ncolor:#ffffff;\n}\n<\/style>\n<div  class='avia-image-container av-k7m23xr8-94677e944a9befaf63f8b1dcacac526c av-styling- avia-align-center  avia-builder-el-22  el_before_av_textblock  avia-builder-el-first '   itemprop=\"image\" itemscope=\"itemscope\" itemtype=\"https:\/\/schema.org\/ImageObject\" ><div class=\"avia-image-container-inner\"><div class=\"avia-image-overlay-wrap\"><img decoding=\"async\" fetchpriority=\"high\" class='wp-image-4519 avia-img-lazy-loading-not-4519 avia_image ' src=\"https:\/\/www.swissvoicetour.ch\/wp-content\/uploads\/2020\/03\/323849b142d9724f6889dffe410ecea3_f2189.jpg\" alt='' title='323849b142d9724f6889dffe410ecea3_f2189'  height=\"550\" width=\"485\"  itemprop=\"thumbnailUrl\" srcset=\"https:\/\/www.swissvoicetour.ch\/wp-content\/uploads\/2020\/03\/323849b142d9724f6889dffe410ecea3_f2189.jpg 485w, https:\/\/www.swissvoicetour.ch\/wp-content\/uploads\/2020\/03\/323849b142d9724f6889dffe410ecea3_f2189-265x300.jpg 265w\" sizes=\"(max-width: 485px) 100vw, 485px\" \/><\/div><\/div><\/div><br \/>\n<section  class='av_textblock_section av-k7m257wb-90bdf39141b606d447983deb3fd4aa57 '   itemscope=\"itemscope\" itemtype=\"https:\/\/schema.org\/CreativeWork\" ><div class='avia_textblock'  itemprop=\"text\" ><h3 style=\"font-weight: normal;\">Jermaine Jackson<\/h3>\n<p><strong>Autor &#8211; Komponist &#8211; Interpret<br \/>\nArtistikdirektor und Arrangeur<\/strong><\/p>\n<\/div><\/section><br \/>\n<section  class='av_textblock_section av-k7m26c2f-cb42bcec21834e05f2e88ec03f330c13 '   itemscope=\"itemscope\" itemtype=\"https:\/\/schema.org\/CreativeWork\" ><div class='avia_textblock'  itemprop=\"text\" ><p style=\"text-align: justify;\">Jermaine Jackson, Mitglied der ber\u00fchmten Band Jackson Five, ist nicht nur ein weltbekannter S\u00e4nger, sondern auch Musiker, Texter, Komponist, Produzent, Direktor, Arrangeur und Background-S\u00e4nger. Er erhielt 5 Grammy-Nominationen und hat rund 50 Alben ver\u00f6ffentlicht, darunter mehrere Nummer-Eins-Alben in den britischen und US-amerikanischen Charts.<\/p>\n<\/div><\/section><\/p><\/div>\n<style type=\"text\/css\" data-created_by=\"avia_inline_auto\" id=\"style-css-av-15296-51-11f6bdce2fc84cce30181d7881b1a361\">\n.flex_column.av-15296-51-11f6bdce2fc84cce30181d7881b1a361{\nborder-radius:0px 0px 0px 0px;\npadding:0px 0px 0px 0px;\n}\n<\/style>\n<div  class='flex_column av-15296-51-11f6bdce2fc84cce30181d7881b1a361 av_one_fourth  avia-builder-el-25  el_after_av_one_fourth  el_before_av_one_fourth  flex_column_div av-zero-column-padding  '     ><p>\n<style type=\"text\/css\" data-created_by=\"avia_inline_auto\" id=\"style-css-av-k7m23xr8-50-972c40b7ad973aee7f137ee696a943db\">\n.avia-image-container.av-k7m23xr8-50-972c40b7ad973aee7f137ee696a943db img.avia_image{\nbox-shadow:none;\n}\n.avia-image-container.av-k7m23xr8-50-972c40b7ad973aee7f137ee696a943db .av-image-caption-overlay-center{\ncolor:#ffffff;\n}\n<\/style>\n<div  class='avia-image-container av-k7m23xr8-50-972c40b7ad973aee7f137ee696a943db av-styling- avia-align-center  avia-builder-el-26  el_before_av_textblock  avia-builder-el-first '   itemprop=\"image\" itemscope=\"itemscope\" itemtype=\"https:\/\/schema.org\/ImageObject\" ><div class=\"avia-image-container-inner\"><div class=\"avia-image-overlay-wrap\"><img decoding=\"async\" fetchpriority=\"high\" class='wp-image-4515 avia-img-lazy-loading-not-4515 avia_image ' src=\"https:\/\/www.swissvoicetour.ch\/wp-content\/uploads\/2020\/03\/8e6ae3c65d4ce8fdbba970523d8bda1b_f78.jpg\" alt='' title='8e6ae3c65d4ce8fdbba970523d8bda1b_f78'  height=\"550\" width=\"485\"  itemprop=\"thumbnailUrl\" srcset=\"https:\/\/www.swissvoicetour.ch\/wp-content\/uploads\/2020\/03\/8e6ae3c65d4ce8fdbba970523d8bda1b_f78.jpg 485w, https:\/\/www.swissvoicetour.ch\/wp-content\/uploads\/2020\/03\/8e6ae3c65d4ce8fdbba970523d8bda1b_f78-265x300.jpg 265w\" sizes=\"(max-width: 485px) 100vw, 485px\" \/><\/div><\/div><\/div><br \/>\n<section  class='av_textblock_section av-k7m257wb-49-2480a32f10f0237bb0bdb4dac570c27a '   itemscope=\"itemscope\" itemtype=\"https:\/\/schema.org\/CreativeWork\" ><div class='avia_textblock'  itemprop=\"text\" ><h3 style=\"font-weight: normal;\">Michael Jones<\/h3>\n<p><strong>S\u00e4nger<br \/>\n<\/strong><strong>Gitarrist<\/strong><\/p>\n<\/div><\/section><br \/>\n<section  class='av_textblock_section av-k7m26c2f-47-1e63f252ed38e40e8cc219010e689fcb '   itemscope=\"itemscope\" itemtype=\"https:\/\/schema.org\/CreativeWork\" ><div class='avia_textblock'  itemprop=\"text\" ><p style=\"text-align: justify;\">Der bekannte S\u00e4nger, Musiker und Komponist Michael Jones blickt auf eine 40-j\u00e4hrige Karriere zur\u00fcck und ist Gesangspartner sowie ein guter Freund des grossen franz\u00f6sischen S\u00e4ngers und Komponisten Jean-Jacques Goldman.<\/p>\n<\/div><\/section><br \/>\n<section  class='av_textblock_section av-k7m26c2f-43-28a97c12fcb33a8712c9762b91ff6842 '   itemscope=\"itemscope\" itemtype=\"https:\/\/schema.org\/CreativeWork\" ><div class='avia_textblock'  itemprop=\"text\" ><p>Link Webseite:<br \/>\n<a title=\"www.michael-jones.net\" href=\"http:\/\/www.michael-jones.net\" target=\"_blank\" rel=\"noopener noreferrer\">www.michael-jones.net<\/a><\/p>\n<\/div><\/section><\/p><\/div>\n<style type=\"text\/css\" data-created_by=\"avia_inline_auto\" id=\"style-css-av-15296-46-9a194e3213fb2c29e82f80e4b9bf1ded\">\n.flex_column.av-15296-46-9a194e3213fb2c29e82f80e4b9bf1ded{\nborder-radius:0px 0px 0px 0px;\npadding:0px 0px 0px 0px;\n}\n<\/style>\n<div  class='flex_column av-15296-46-9a194e3213fb2c29e82f80e4b9bf1ded av_one_fourth  avia-builder-el-30  el_after_av_one_fourth  el_before_av_one_fourth  flex_column_div av-zero-column-padding  '     ><p>\n<style type=\"text\/css\" data-created_by=\"avia_inline_auto\" id=\"style-css-av-k7m23xr8-45-131c04add005804585c45e4bb1af99a3\">\n.avia-image-container.av-k7m23xr8-45-131c04add005804585c45e4bb1af99a3 img.avia_image{\nbox-shadow:none;\n}\n.avia-image-container.av-k7m23xr8-45-131c04add005804585c45e4bb1af99a3 .av-image-caption-overlay-center{\ncolor:#ffffff;\n}\n<\/style>\n<div  class='avia-image-container av-k7m23xr8-45-131c04add005804585c45e4bb1af99a3 av-styling- avia-align-center  avia-builder-el-31  el_before_av_textblock  avia-builder-el-first '   itemprop=\"image\" itemscope=\"itemscope\" itemtype=\"https:\/\/schema.org\/ImageObject\" ><div class=\"avia-image-container-inner\"><div class=\"avia-image-overlay-wrap\"><img decoding=\"async\" fetchpriority=\"high\" class='wp-image-4517 avia-img-lazy-loading-not-4517 avia_image ' src=\"https:\/\/www.swissvoicetour.ch\/wp-content\/uploads\/2020\/03\/3746b54a7b61895db3481505f80a6e91_f80.jpg\" alt='' title='3746b54a7b61895db3481505f80a6e91_f80'  height=\"550\" width=\"485\"  itemprop=\"thumbnailUrl\" srcset=\"https:\/\/www.swissvoicetour.ch\/wp-content\/uploads\/2020\/03\/3746b54a7b61895db3481505f80a6e91_f80.jpg 485w, https:\/\/www.swissvoicetour.ch\/wp-content\/uploads\/2020\/03\/3746b54a7b61895db3481505f80a6e91_f80-265x300.jpg 265w\" sizes=\"(max-width: 485px) 100vw, 485px\" \/><\/div><\/div><\/div><br \/>\n<section  class='av_textblock_section av-k7m257wb-44-ea8cf09a4436d761aaecf153e2a74346 '   itemscope=\"itemscope\" itemtype=\"https:\/\/schema.org\/CreativeWork\" ><div class='avia_textblock'  itemprop=\"text\" ><h3 style=\"font-weight: normal;\">Paul Sutin<\/h3>\n<p><strong>Musik <\/strong><strong>Produzent<\/strong><\/p>\n<\/div><\/section><br \/>\n<section  class='av_textblock_section av-k7m26c2f-42-0df6de6293db187140d820850fbf1e53 '   itemscope=\"itemscope\" itemtype=\"https:\/\/schema.org\/CreativeWork\" ><div class='avia_textblock'  itemprop=\"text\" ><p style=\"text-align: justify;\">Paul Sutin hat mit K\u00fcnstlern wie Alicia Keys, Phil Collins, Pink und Coldplay gearbeitet. Er ist ausserdem Pr\u00e4sident der Academy Menuhin, Gr\u00fcnder des Legend Studios und Stiftungsrat der Legend Foundation, einer Stiftung, die junge Talente in ihrem k\u00fcnstlerischen Werdegang unterst\u00fctzt.<\/p>\n<\/div><\/section><\/p><\/div>\n<style type=\"text\/css\" data-created_by=\"avia_inline_auto\" id=\"style-css-av-15296-41-f11ffdbce7b3caa2c9414a35a85a3214\">\n.flex_column.av-15296-41-f11ffdbce7b3caa2c9414a35a85a3214{\nborder-radius:0px 0px 0px 0px;\npadding:0px 0px 0px 0px;\n}\n<\/style>\n<div  class='flex_column av-15296-41-f11ffdbce7b3caa2c9414a35a85a3214 av_one_fourth  avia-builder-el-34  el_after_av_one_fourth  avia-builder-el-last  flex_column_div av-zero-column-padding  '     ><p>\n<style type=\"text\/css\" data-created_by=\"avia_inline_auto\" id=\"style-css-av-k7m23xr8-40-f6624952f877a1b2d2a932fae1063d34\">\n.avia-image-container.av-k7m23xr8-40-f6624952f877a1b2d2a932fae1063d34 img.avia_image{\nbox-shadow:none;\n}\n.avia-image-container.av-k7m23xr8-40-f6624952f877a1b2d2a932fae1063d34 .av-image-caption-overlay-center{\ncolor:#ffffff;\n}\n<\/style>\n<div  class='avia-image-container av-k7m23xr8-40-f6624952f877a1b2d2a932fae1063d34 av-styling- avia-align-center  avia-builder-el-35  el_before_av_textblock  avia-builder-el-first '   itemprop=\"image\" itemscope=\"itemscope\" itemtype=\"https:\/\/schema.org\/ImageObject\" ><div class=\"avia-image-container-inner\"><div class=\"avia-image-overlay-wrap\"><img decoding=\"async\" fetchpriority=\"high\" class='wp-image-4513 avia-img-lazy-loading-not-4513 avia_image ' src=\"https:\/\/www.swissvoicetour.ch\/wp-content\/uploads\/2020\/03\/7cf341ff7ecaa2a412c5195c54b69f08_f79.jpg\" alt='' title='7cf341ff7ecaa2a412c5195c54b69f08_f79'  height=\"550\" width=\"485\"  itemprop=\"thumbnailUrl\" srcset=\"https:\/\/www.swissvoicetour.ch\/wp-content\/uploads\/2020\/03\/7cf341ff7ecaa2a412c5195c54b69f08_f79.jpg 485w, https:\/\/www.swissvoicetour.ch\/wp-content\/uploads\/2020\/03\/7cf341ff7ecaa2a412c5195c54b69f08_f79-265x300.jpg 265w\" sizes=\"(max-width: 485px) 100vw, 485px\" \/><\/div><\/div><\/div><br \/>\n<section  class='av_textblock_section av-k7m257wb-39-643488d6a95063423714c4d06f48445b '   itemscope=\"itemscope\" itemtype=\"https:\/\/schema.org\/CreativeWork\" ><div class='avia_textblock'  itemprop=\"text\" ><h3 style=\"font-weight: normal;\">Piero Vallero<\/h3>\n<p><strong>Musikalischer Leiter<\/strong><\/p>\n<\/div><\/section><br \/>\n<section  class='av_textblock_section av-k7m26c2f-38-f8450be8d5a4edefe3a3bc79f4bf1e59 '   itemscope=\"itemscope\" itemtype=\"https:\/\/schema.org\/CreativeWork\" ><div class='avia_textblock'  itemprop=\"text\" ><p style=\"text-align: justify;\">Piero Vallero war bereits musikalischer Leiter bei den ersten beiden Ausgaben der Kids Voice Tour. Der Multiinstrumentalist sowie renommierte Arrangeur hat mit K\u00fcnstlern wie Eros Ramazzotti, Joe Cocker oder Alejandro Sanz zusammengearbeitet.<\/p>\n<\/div><\/section><\/p><\/div><\/div><\/div><\/div><!-- close content main div --><\/div><\/div>\n<style type=\"text\/css\" data-created_by=\"avia_inline_auto\" id=\"style-css-av-15vp51k-d8d468906f84c917bd9581346c4524b2\">\n.avia-section.av-15vp51k-d8d468906f84c917bd9581346c4524b2{\nbackground-color:#000000;\nbackground-image:unset;\n}\n<\/style>\n<div id='av_section_4'  class='avia-section av-15vp51k-d8d468906f84c917bd9581346c4524b2 main_color avia-section-default avia-no-border-styling  avia-builder-el-38  el_after_av_section  el_before_av_section  avia-bg-style-scroll container_wrap fullsize'  ><div class='container av-section-cont-open' ><div class='template-page content  av-content-full alpha units'><div class='post-entry post-entry-type-page post-entry-4248'><div class='entry-content-wrapper clearfix'>\n\n<style type=\"text\/css\" data-created_by=\"avia_inline_auto\" id=\"style-css-av-1592gc8-c4f51eb6be70814c77703114fa72a7a0\">\n.flex_column.av-1592gc8-c4f51eb6be70814c77703114fa72a7a0{\nborder-radius:0px 0px 0px 0px;\npadding:0px 0px 0px 0px;\n}\n<\/style>\n<div  class='flex_column av-1592gc8-c4f51eb6be70814c77703114fa72a7a0 av_one_full  avia-builder-el-39  el_before_av_three_fifth  avia-builder-el-first  first flex_column_div av-zero-column-padding  '     ><style type=\"text\/css\" data-created_by=\"avia_inline_auto\" id=\"style-css-av-13ohufs-2f4b90f89d01d19692c197898b7fb8f8\">\n#top .av-special-heading.av-13ohufs-2f4b90f89d01d19692c197898b7fb8f8{\npadding-bottom:10px;\ncolor:#ffffff;\n}\nbody .av-special-heading.av-13ohufs-2f4b90f89d01d19692c197898b7fb8f8 .av-special-heading-tag .heading-char{\nfont-size:25px;\n}\n.av-special-heading.av-13ohufs-2f4b90f89d01d19692c197898b7fb8f8 .special-heading-inner-border{\nborder-color:#ffffff;\n}\n.av-special-heading.av-13ohufs-2f4b90f89d01d19692c197898b7fb8f8 .av-subheading{\nfont-size:15px;\n}\n<\/style>\n<div  class='av-special-heading av-13ohufs-2f4b90f89d01d19692c197898b7fb8f8 av-special-heading-h2 custom-color-heading blockquote modern-quote modern-centered  avia-builder-el-40  avia-builder-el-no-sibling '><h2 class='av-special-heading-tag '  itemprop=\"headline\"  >MISSION<\/h2><div class=\"special-heading-border\"><div class=\"special-heading-inner-border\"><\/div><\/div><\/div><\/div><div class='flex_column_table av-11w5qt4-61dbc46b1a8ad52e669dc081690b4375 sc-av_three_fifth av-equal-height-column-flextable'><div  class='flex_column av-11w5qt4-61dbc46b1a8ad52e669dc081690b4375 av_three_fifth  avia-builder-el-41  el_after_av_one_full  el_before_av_two_fifth  first flex_column_table_cell av-equal-height-column av-align-middle  column-top-margin'     ><style type=\"text\/css\" data-created_by=\"avia_inline_auto\" id=\"style-css-av-m6qz0ey0-b83e6b54a955f4935da06efbc8def1de\">\n#top .av_textblock_section.av-m6qz0ey0-b83e6b54a955f4935da06efbc8def1de .avia_textblock{\nfont-size:18px;\ncolor:#ffffff;\n}\n<\/style>\n<section  class='av_textblock_section av-m6qz0ey0-b83e6b54a955f4935da06efbc8def1de '   itemscope=\"itemscope\" itemtype=\"https:\/\/schema.org\/CreativeWork\" ><div class='avia_textblock av_inherit_color'  itemprop=\"text\" ><p>Die Mission der Swiss Voice Tour ist es, verborgene Talente im ganzen Land zu entdecken und ins Rampenlicht zu stellen.<\/p>\n<p>Wir setzen uns daf\u00fcr ein, eine integrative und faire Plattform zu bieten, auf der jede Stimme die M\u00f6glichkeit hat, zu gl\u00e4nzen.<\/p>\n<p>Unser Ziel ist es, den k\u00fcnstlerischen Ausdruck zu f\u00f6rdern und die kulturelle Vielfalt durch die Kunst des Singens zu unterst\u00fctzen und so zur Bereicherung unseres nationalen Kulturerbes beizutragen.<\/p>\n<\/div><\/section><\/div><div class='av-flex-placeholder'><\/div><div  class='flex_column av-zakm88-d4c86a8167e96d84f01055f3dd8bbb8b av_two_fifth  avia-builder-el-43  el_after_av_three_fifth  el_before_av_hr  flex_column_table_cell av-equal-height-column av-align-middle  column-top-margin'     ><style type=\"text\/css\" data-created_by=\"avia_inline_auto\" id=\"style-css-av-xbb148-1a695793c27fe1919f68372f39f12892\">\n.avia-image-container.av-xbb148-1a695793c27fe1919f68372f39f12892 img.avia_image{\nbox-shadow:none;\n}\n.avia-image-container.av-xbb148-1a695793c27fe1919f68372f39f12892 .av-image-caption-overlay-center{\ncolor:#ffffff;\n}\n<\/style>\n<div  class='avia-image-container av-xbb148-1a695793c27fe1919f68372f39f12892 av-styling- avia-align-center  avia-builder-el-44  avia-builder-el-no-sibling '   itemprop=\"image\" itemscope=\"itemscope\" itemtype=\"https:\/\/schema.org\/ImageObject\" ><div class=\"avia-image-container-inner\"><div class=\"avia-image-overlay-wrap\"><img decoding=\"async\" fetchpriority=\"high\" class='wp-image-13089 avia-img-lazy-loading-not-13089 avia_image ' src=\"https:\/\/www.swissvoicetour.ch\/wp-content\/uploads\/2025\/01\/Swiss-Voice-Tour-saison-8-027DSCF5480-HD-1030x687.jpg\" alt='' title='Swiss Voice Tour saison 8'  height=\"687\" width=\"1030\"  itemprop=\"thumbnailUrl\" srcset=\"https:\/\/www.swissvoicetour.ch\/wp-content\/uploads\/2025\/01\/Swiss-Voice-Tour-saison-8-027DSCF5480-HD-1030x687.jpg 1030w, https:\/\/www.swissvoicetour.ch\/wp-content\/uploads\/2025\/01\/Swiss-Voice-Tour-saison-8-027DSCF5480-HD-300x200.jpg 300w, https:\/\/www.swissvoicetour.ch\/wp-content\/uploads\/2025\/01\/Swiss-Voice-Tour-saison-8-027DSCF5480-HD-768x512.jpg 768w, https:\/\/www.swissvoicetour.ch\/wp-content\/uploads\/2025\/01\/Swiss-Voice-Tour-saison-8-027DSCF5480-HD-1536x1024.jpg 1536w, https:\/\/www.swissvoicetour.ch\/wp-content\/uploads\/2025\/01\/Swiss-Voice-Tour-saison-8-027DSCF5480-HD-2048x1365.jpg 2048w, https:\/\/www.swissvoicetour.ch\/wp-content\/uploads\/2025\/01\/Swiss-Voice-Tour-saison-8-027DSCF5480-HD-1500x1000.jpg 1500w, https:\/\/www.swissvoicetour.ch\/wp-content\/uploads\/2025\/01\/Swiss-Voice-Tour-saison-8-027DSCF5480-HD-705x470.jpg 705w\" sizes=\"(max-width: 1030px) 100vw, 1030px\" \/><\/div><\/div><\/div><\/div><\/div><!--close column table wrapper. Autoclose: 1 -->\n<style type=\"text\/css\" data-created_by=\"avia_inline_auto\" id=\"style-css-av-wd26eg-0ff1345496561cdc39dbcd252ab735e9\">\n#top .hr.hr-invisible.av-wd26eg-0ff1345496561cdc39dbcd252ab735e9{\nheight:25px;\n}\n<\/style>\n<div  class='hr av-wd26eg-0ff1345496561cdc39dbcd252ab735e9 hr-invisible  avia-builder-el-45  el_after_av_two_fifth  el_before_av_one_full '><span class='hr-inner '><span class=\"hr-inner-style\"><\/span><\/span><\/div>\n\n<style type=\"text\/css\" data-created_by=\"avia_inline_auto\" id=\"style-css-av-310cfc-316ec318b10bd78747dcf9abd016747d\">\n.flex_column.av-310cfc-316ec318b10bd78747dcf9abd016747d{\nborder-radius:0px 0px 0px 0px;\npadding:0px 0px 0px 0px;\n}\n<\/style>\n<div  class='flex_column av-310cfc-316ec318b10bd78747dcf9abd016747d av_one_full  avia-builder-el-46  el_after_av_hr  el_before_av_two_fifth  first flex_column_div av-zero-column-padding  '     ><style type=\"text\/css\" data-created_by=\"avia_inline_auto\" id=\"style-css-av-shnbe0-2734ce9565a429cd5485fe40d48526d1\">\n#top .av-special-heading.av-shnbe0-2734ce9565a429cd5485fe40d48526d1{\npadding-bottom:10px;\ncolor:#ffffff;\n}\nbody .av-special-heading.av-shnbe0-2734ce9565a429cd5485fe40d48526d1 .av-special-heading-tag .heading-char{\nfont-size:25px;\n}\n.av-special-heading.av-shnbe0-2734ce9565a429cd5485fe40d48526d1 .special-heading-inner-border{\nborder-color:#ffffff;\n}\n.av-special-heading.av-shnbe0-2734ce9565a429cd5485fe40d48526d1 .av-subheading{\nfont-size:15px;\n}\n<\/style>\n<div  class='av-special-heading av-shnbe0-2734ce9565a429cd5485fe40d48526d1 av-special-heading-h2 custom-color-heading blockquote modern-quote modern-centered  avia-builder-el-47  avia-builder-el-no-sibling '><h2 class='av-special-heading-tag '  itemprop=\"headline\"  >VISION<\/h2><div class=\"special-heading-border\"><div class=\"special-heading-inner-border\"><\/div><\/div><\/div><\/div><div class='flex_column_table av-rvws3c-28303895148dd35ed1b94ff279bce5a1 sc-av_two_fifth av-equal-height-column-flextable'><div  class='flex_column av-rvws3c-28303895148dd35ed1b94ff279bce5a1 av_two_fifth  avia-builder-el-48  el_after_av_one_full  el_before_av_three_fifth  first flex_column_table_cell av-equal-height-column av-align-middle  column-top-margin'     ><style type=\"text\/css\" data-created_by=\"avia_inline_auto\" id=\"style-css-av-pdcqzc-b5d02a7a885e329f9b233d3dee6a3768\">\n.avia-image-container.av-pdcqzc-b5d02a7a885e329f9b233d3dee6a3768 img.avia_image{\nbox-shadow:none;\n}\n.avia-image-container.av-pdcqzc-b5d02a7a885e329f9b233d3dee6a3768 .av-image-caption-overlay-center{\ncolor:#ffffff;\n}\n<\/style>\n<div  class='avia-image-container av-pdcqzc-b5d02a7a885e329f9b233d3dee6a3768 av-styling- avia-align-center  avia-builder-el-49  avia-builder-el-no-sibling '   itemprop=\"image\" itemscope=\"itemscope\" itemtype=\"https:\/\/schema.org\/ImageObject\" ><div class=\"avia-image-container-inner\"><div class=\"avia-image-overlay-wrap\"><img decoding=\"async\" fetchpriority=\"high\" class='wp-image-13092 avia-img-lazy-loading-not-13092 avia_image ' src=\"https:\/\/www.swissvoicetour.ch\/wp-content\/uploads\/2025\/01\/Swiss-Voice-Tour-saison-8-025DSCF5478-HD-1030x687.jpg\" alt='' title='Swiss Voice Tour saison 8'  height=\"687\" width=\"1030\"  itemprop=\"thumbnailUrl\" srcset=\"https:\/\/www.swissvoicetour.ch\/wp-content\/uploads\/2025\/01\/Swiss-Voice-Tour-saison-8-025DSCF5478-HD-1030x687.jpg 1030w, https:\/\/www.swissvoicetour.ch\/wp-content\/uploads\/2025\/01\/Swiss-Voice-Tour-saison-8-025DSCF5478-HD-300x200.jpg 300w, https:\/\/www.swissvoicetour.ch\/wp-content\/uploads\/2025\/01\/Swiss-Voice-Tour-saison-8-025DSCF5478-HD-768x512.jpg 768w, https:\/\/www.swissvoicetour.ch\/wp-content\/uploads\/2025\/01\/Swiss-Voice-Tour-saison-8-025DSCF5478-HD-1536x1024.jpg 1536w, https:\/\/www.swissvoicetour.ch\/wp-content\/uploads\/2025\/01\/Swiss-Voice-Tour-saison-8-025DSCF5478-HD-2048x1365.jpg 2048w, https:\/\/www.swissvoicetour.ch\/wp-content\/uploads\/2025\/01\/Swiss-Voice-Tour-saison-8-025DSCF5478-HD-1500x1000.jpg 1500w, https:\/\/www.swissvoicetour.ch\/wp-content\/uploads\/2025\/01\/Swiss-Voice-Tour-saison-8-025DSCF5478-HD-705x470.jpg 705w\" sizes=\"(max-width: 1030px) 100vw, 1030px\" \/><\/div><\/div><\/div><\/div><div class='av-flex-placeholder'><\/div><div  class='flex_column av-op4ens-9b797cb875ac814582dda5cf7df5a1ad av_three_fifth  avia-builder-el-50  el_after_av_two_fifth  el_before_av_hr  flex_column_table_cell av-equal-height-column av-align-middle  column-top-margin'     ><style type=\"text\/css\" data-created_by=\"avia_inline_auto\" id=\"style-css-av-m6qz0lne-c5579e2226a901b824882701fc08f4f9\">\n#top .av_textblock_section.av-m6qz0lne-c5579e2226a901b824882701fc08f4f9 .avia_textblock{\nfont-size:18px;\ncolor:#ffffff;\n}\n<\/style>\n<section  class='av_textblock_section av-m6qz0lne-c5579e2226a901b824882701fc08f4f9 '   itemscope=\"itemscope\" itemtype=\"https:\/\/schema.org\/CreativeWork\" ><div class='avia_textblock av_inherit_color'  itemprop=\"text\" ><p>Unsere Vision ist es, die unumg\u00e4ngliche Referenz f\u00fcr die Entdeckung und F\u00f6rderung von Gesangstalenten in der Schweiz zu werden.<\/p>\n<p>Wir streben danach, ein Umfeld zu schaffen, in dem k\u00fcnstlerische Exzellenz gefeiert wird und aufstrebende K\u00fcnstler sich entfalten k\u00f6nnen.<\/p>\n<p>Indem wir Musikbegeisterte im ganzen Land vereinen, streben wir danach, eine dynamische Gemeinschaft zu kultivieren, die den Reichtum und die Vielfalt unseres musikalischen Erbes feiert.<\/p>\n<\/div><\/section><\/div><\/div><!--close column table wrapper. Autoclose: 1 -->\n<style type=\"text\/css\" data-created_by=\"avia_inline_auto\" id=\"style-css-av-lsxrig-e500466abd813089f7f293b784e2fda8\">\n#top .hr.hr-invisible.av-lsxrig-e500466abd813089f7f293b784e2fda8{\nheight:25px;\n}\n<\/style>\n<div  class='hr av-lsxrig-e500466abd813089f7f293b784e2fda8 hr-invisible  avia-builder-el-52  el_after_av_three_fifth  el_before_av_one_full '><span class='hr-inner '><span class=\"hr-inner-style\"><\/span><\/span><\/div>\n\n<style type=\"text\/css\" data-created_by=\"avia_inline_auto\" id=\"style-css-av-7anfs-968813c80f1b2298bac2475f293805ff\">\n.flex_column.av-7anfs-968813c80f1b2298bac2475f293805ff{\nborder-radius:0px 0px 0px 0px;\npadding:0px 0px 0px 0px;\n}\n<\/style>\n<div  class='flex_column av-7anfs-968813c80f1b2298bac2475f293805ff av_one_full  avia-builder-el-53  el_after_av_hr  el_before_av_three_fifth  first flex_column_div av-zero-column-padding  '     ><style type=\"text\/css\" data-created_by=\"avia_inline_auto\" id=\"style-css-av-m6qz0w00-65a1779574c24d1bcdea464b46e5754f\">\n#top .av-special-heading.av-m6qz0w00-65a1779574c24d1bcdea464b46e5754f{\npadding-bottom:10px;\ncolor:#ffffff;\n}\nbody .av-special-heading.av-m6qz0w00-65a1779574c24d1bcdea464b46e5754f .av-special-heading-tag .heading-char{\nfont-size:25px;\n}\n.av-special-heading.av-m6qz0w00-65a1779574c24d1bcdea464b46e5754f .special-heading-inner-border{\nborder-color:#ffffff;\n}\n.av-special-heading.av-m6qz0w00-65a1779574c24d1bcdea464b46e5754f .av-subheading{\nfont-size:15px;\n}\n<\/style>\n<div  class='av-special-heading av-m6qz0w00-65a1779574c24d1bcdea464b46e5754f av-special-heading-h2 custom-color-heading blockquote modern-quote modern-centered  avia-builder-el-54  avia-builder-el-no-sibling '><h2 class='av-special-heading-tag '  itemprop=\"headline\"  >WERTE<\/h2><div class=\"special-heading-border\"><div class=\"special-heading-inner-border\"><\/div><\/div><\/div><\/div><div class='flex_column_table av-idc6bs-c2d4d03eb64319a3959edfecc0f23ac8 sc-av_three_fifth av-equal-height-column-flextable'><div  class='flex_column av-idc6bs-c2d4d03eb64319a3959edfecc0f23ac8 av_three_fifth  avia-builder-el-55  el_after_av_one_full  el_before_av_two_fifth  first flex_column_table_cell av-equal-height-column av-align-middle  column-top-margin'     ><style type=\"text\/css\" data-created_by=\"avia_inline_auto\" id=\"style-css-av-m6qz142o-a63f0314eb34d9ffea219e19ca286f6d\">\n#top .av_textblock_section.av-m6qz142o-a63f0314eb34d9ffea219e19ca286f6d .avia_textblock{\nfont-size:18px;\ncolor:#ffffff;\n}\n<\/style>\n<section  class='av_textblock_section av-m6qz142o-a63f0314eb34d9ffea219e19ca286f6d '   itemscope=\"itemscope\" itemtype=\"https:\/\/schema.org\/CreativeWork\" ><div class='avia_textblock av_inherit_color'  itemprop=\"text\" ><p>Integrit\u00e4t: Wir verpflichten uns, bei all unseren Interaktionen hohe Standards in Bezug auf Transparenz, Fairness und Ethik einzuhalten.<\/p>\n<p>Exzellenz: Wir streben in allem, was wir tun, nach Exzellenz.<\/p>\n<p>Leidenschaft: Wir haben eine gemeinsame Leidenschaft f\u00fcr Musik sowie Gesang und wir versuchen, diese Leidenschaft bei unserem Publikum durch aussergew\u00f6hnliche Auftritte zu inspirieren.<\/p>\n<\/div><\/section><\/div><div class='av-flex-placeholder'><\/div><div  class='flex_column av-hxf9bs-406c714c38d73b5ca20a3a84607af930 av_two_fifth  avia-builder-el-57  el_after_av_three_fifth  avia-builder-el-last  flex_column_table_cell av-equal-height-column av-align-middle  column-top-margin'     ><style type=\"text\/css\" data-created_by=\"avia_inline_auto\" id=\"style-css-av-f8v6fs-8831b14e687118e7b8be9fce6c66e5fe\">\n.avia-image-container.av-f8v6fs-8831b14e687118e7b8be9fce6c66e5fe img.avia_image{\nbox-shadow:none;\n}\n.avia-image-container.av-f8v6fs-8831b14e687118e7b8be9fce6c66e5fe .av-image-caption-overlay-center{\ncolor:#ffffff;\n}\n<\/style>\n<div  class='avia-image-container av-f8v6fs-8831b14e687118e7b8be9fce6c66e5fe av-styling- avia-align-center  avia-builder-el-58  avia-builder-el-no-sibling '   itemprop=\"image\" itemscope=\"itemscope\" itemtype=\"https:\/\/schema.org\/ImageObject\" ><div class=\"avia-image-container-inner\"><div class=\"avia-image-overlay-wrap\"><img decoding=\"async\" fetchpriority=\"high\" class='wp-image-13095 avia-img-lazy-loading-not-13095 avia_image ' src=\"https:\/\/www.swissvoicetour.ch\/wp-content\/uploads\/2025\/01\/Swiss-Voice-Tour-saison-8-321DSCF6652-HD-1030x687.jpg\" alt='' title='Swiss Voice Tour saison 8'  height=\"687\" width=\"1030\"  itemprop=\"thumbnailUrl\" srcset=\"https:\/\/www.swissvoicetour.ch\/wp-content\/uploads\/2025\/01\/Swiss-Voice-Tour-saison-8-321DSCF6652-HD-1030x687.jpg 1030w, https:\/\/www.swissvoicetour.ch\/wp-content\/uploads\/2025\/01\/Swiss-Voice-Tour-saison-8-321DSCF6652-HD-300x200.jpg 300w, https:\/\/www.swissvoicetour.ch\/wp-content\/uploads\/2025\/01\/Swiss-Voice-Tour-saison-8-321DSCF6652-HD-768x512.jpg 768w, https:\/\/www.swissvoicetour.ch\/wp-content\/uploads\/2025\/01\/Swiss-Voice-Tour-saison-8-321DSCF6652-HD-1536x1024.jpg 1536w, https:\/\/www.swissvoicetour.ch\/wp-content\/uploads\/2025\/01\/Swiss-Voice-Tour-saison-8-321DSCF6652-HD-2048x1365.jpg 2048w, https:\/\/www.swissvoicetour.ch\/wp-content\/uploads\/2025\/01\/Swiss-Voice-Tour-saison-8-321DSCF6652-HD-1500x1000.jpg 1500w, https:\/\/www.swissvoicetour.ch\/wp-content\/uploads\/2025\/01\/Swiss-Voice-Tour-saison-8-321DSCF6652-HD-705x470.jpg 705w\" sizes=\"(max-width: 1030px) 100vw, 1030px\" \/><\/div><\/div><\/div><\/div><\/div><!--close column table wrapper. Autoclose: 1 -->\n<\/p>\n<\/div><\/div><\/div><!-- close content main div --><\/div><\/div>\n<style type=\"text\/css\" data-created_by=\"avia_inline_auto\" id=\"style-css-av-elvuhk-ab54389d35ceb06a1c54da0a4aaa21ce\">\n.avia-section.av-elvuhk-ab54389d35ceb06a1c54da0a4aaa21ce{\nbackground-repeat:no-repeat;\nbackground-image:url(https:\/\/www.swissvoicetour.ch\/wp-content\/uploads\/2024\/12\/LOGO_SVT_2025_RVB-1030x1030-1.jpg);\nbackground-position:50% 50%;\nbackground-attachment:scroll;\n}\n.avia-section.av-elvuhk-ab54389d35ceb06a1c54da0a4aaa21ce .av-section-color-overlay{\nopacity:0.8;\nbackground-color:#ffffff;\n}\n<\/style>\n<div id='av_section_5'  class='avia-section av-elvuhk-ab54389d35ceb06a1c54da0a4aaa21ce main_color avia-section-default avia-no-border-styling  avia-builder-el-59  el_after_av_section  avia-builder-el-last  avia-bg-style-scroll av-section-color-overlay-active container_wrap fullsize'  data-section-bg-repeat='no-repeat'><div class=\"av-section-color-overlay-wrap\"><div class=\"av-section-color-overlay\"><\/div><div class='container av-section-cont-open' ><div class='template-page content  av-content-full alpha units'><div class='post-entry post-entry-type-page post-entry-4248'><div class='entry-content-wrapper clearfix'>\n\n<style type=\"text\/css\" data-created_by=\"avia_inline_auto\" id=\"style-css-av-bxshg8-4852596e862b46d9ff962f9fe316bbcf\">\n.flex_column.av-bxshg8-4852596e862b46d9ff962f9fe316bbcf{\nborder-radius:0px 0px 0px 0px;\npadding:0px 0px 0px 0px;\n}\n<\/style>\n<div  class='flex_column av-bxshg8-4852596e862b46d9ff962f9fe316bbcf av_one_full  avia-builder-el-60  el_before_av_one_third  avia-builder-el-first  first flex_column_div av-zero-column-padding  '     ><style type=\"text\/css\" data-created_by=\"avia_inline_auto\" id=\"style-css-av-m6qz1eob-823aff2ae0ab7fe8453da467e2b290b6\">\n#top .av-special-heading.av-m6qz1eob-823aff2ae0ab7fe8453da467e2b290b6{\npadding-bottom:10px;\n}\nbody .av-special-heading.av-m6qz1eob-823aff2ae0ab7fe8453da467e2b290b6 .av-special-heading-tag .heading-char{\nfont-size:25px;\n}\n.av-special-heading.av-m6qz1eob-823aff2ae0ab7fe8453da467e2b290b6 .av-subheading{\nfont-size:15px;\n}\n<\/style>\n<div  class='av-special-heading av-m6qz1eob-823aff2ae0ab7fe8453da467e2b290b6 av-special-heading-h2 custom-color-heading blockquote modern-quote modern-centered  avia-builder-el-61  avia-builder-el-no-sibling '><h2 class='av-special-heading-tag '  itemprop=\"headline\"  >KENNZAHLEN<\/h2><div class=\"special-heading-border\"><div class=\"special-heading-inner-border\"><\/div><\/div><\/div><\/div><div  class='flex_column av-114wa0-796bb3a28aef0582d24aa9304989f44f av_one_third  avia-builder-el-62  el_after_av_one_full  el_before_av_one_third  first flex_column_div  column-top-margin'     ><section  class='av_textblock_section av-m6qz1pa6-260d516ef16a13952549904d99dd3ee7 '   itemscope=\"itemscope\" itemtype=\"https:\/\/schema.org\/CreativeWork\" ><div class='avia_textblock'  itemprop=\"text\" ><h2 style=\"text-align: center;\">Castings<\/h2>\n<p style=\"text-align: center; font-size: 50px;\"><strong style=\"color: #000;\">+ 20&#8217;000<\/strong><\/p>\n<p style=\"text-align: center;\">leidenschaftliche K\u00fcnstler:innen haben<br \/>\ndie B\u00fchne der Swiss Voice Tour betreten<\/p>\n<\/div><\/section><\/div><div  class='flex_column av-91bzd4-2fa24a4f1f221c3fb144c201fe2574e6 av_one_third  avia-builder-el-64  el_after_av_one_third  el_before_av_one_third  flex_column_div  column-top-margin'     ><section  class='av_textblock_section av-m6qz20lb-c84c093ab2807e1207ab0a393eb6803f '   itemscope=\"itemscope\" itemtype=\"https:\/\/schema.org\/CreativeWork\" ><div class='avia_textblock'  itemprop=\"text\" ><h2 style=\"text-align: center;\">Anmeldungen<\/h2>\n<p style=\"text-align: center; font-size: 50px;\"><strong style=\"color: #000;\">+ 9&#8217;000<\/strong><\/p>\n<p style=\"text-align: center;\">angemeldete K\u00fcnstler:innen in der Saison 10<\/p>\n<\/div><\/section><\/div><div  class='flex_column av-80je6g-9f46425684757919a015f2a9d026e32a av_one_third  avia-builder-el-66  el_after_av_one_third  el_before_av_one_third  flex_column_div  column-top-margin'     ><section  class='av_textblock_section av-m6qz2af7-3e28b3bfea0960263a2535442269a0dc '   itemscope=\"itemscope\" itemtype=\"https:\/\/schema.org\/CreativeWork\" ><div class='avia_textblock'  itemprop=\"text\" ><h2 style=\"text-align: center;\">Stimmen<\/h2>\n<p style=\"text-align: center; font-size: 50px;\"><strong style=\"color: #000;\">+ 140&#8217;000<\/strong><\/p>\n<p style=\"text-align: center;\">in der 10. Staffel<\/p>\n<\/div><\/section><\/div><div  class='flex_column av-67mxiw-1dbe624da271701a8ea89c60fd25073a av_one_third  avia-builder-el-68  el_after_av_one_third  el_before_av_one_third  first flex_column_div  column-top-margin'     ><section  class='av_textblock_section av-m6qz2hy2-971a12d5c2ed318370a14f928fbe603f '   itemscope=\"itemscope\" itemtype=\"https:\/\/schema.org\/CreativeWork\" ><div class='avia_textblock'  itemprop=\"text\" ><h2 style=\"text-align: center;\">YouTube<\/h2>\n<p style=\"text-align: center; font-size: 50px;\"><strong style=\"color: #000;\">+ 550&#8217;000<\/strong><\/p>\n<p style=\"text-align: center;\">Views der Videos aus Staffel 10<\/p>\n<\/div><\/section><\/div><div  class='flex_column av-46ayy0-c977e723a2ec85f8569b2cf5906366f9 av_one_third  avia-builder-el-70  el_after_av_one_third  el_before_av_one_third  flex_column_div  column-top-margin'     ><section  class='av_textblock_section av-m6qz2r9u-d10718d5c2260765717be1962b4406ca '   itemscope=\"itemscope\" itemtype=\"https:\/\/schema.org\/CreativeWork\" ><div class='avia_textblock'  itemprop=\"text\" ><h2 style=\"text-align: center;\">TV<\/h2>\n<p style=\"text-align: center; font-size: 50px;\"><strong style=\"color: #000;\">+ 100&#8217;000<\/strong><\/p>\n<p style=\"text-align: center;\">Zuschauer:innen sahen das letzte Finale<\/p>\n<\/div><\/section><\/div><div  class='flex_column av-2t8mzc-209c6c683dde74e50232679d0aa531e2 av_one_third  avia-builder-el-72  el_after_av_one_third  avia-builder-el-last  flex_column_div  column-top-margin'     ><section  class='av_textblock_section av-m6qz30zv-a872d91c91209d88e95f5459f670dead '   itemscope=\"itemscope\" itemtype=\"https:\/\/schema.org\/CreativeWork\" ><div class='avia_textblock'  itemprop=\"text\" ><h2 style=\"text-align: center;\">Internationale K\u00fcnstler:innen<\/h2>\n<p style=\"text-align: center; font-size: 50px;\"><strong style=\"color: #000;\">+ 30<\/strong><\/p>\n<p style=\"text-align: center;\">internationale Stars beurteilten die<br \/>\nTeilnehmenden der Swiss Voice Tour<\/p>\n<\/div><\/section><\/div>\n\n","protected":false},"excerpt":{"rendered":"","protected":false},"author":2,"featured_media":0,"parent":0,"menu_order":0,"comment_status":"closed","ping_status":"closed","template":"","meta":{"_acf_changed":false,"footnotes":""},"class_list":["post-4248","page","type-page","status-publish","hentry"],"acf":[],"yoast_head":"<!-- This site is optimized with the Yoast SEO plugin v27.5 - https:\/\/yoast.com\/product\/yoast-seo-wordpress\/ -->\n<title>\u00dcber uns - Swiss Voice Tour<\/title>\n<meta name=\"robots\" content=\"index, follow, max-snippet:-1, max-image-preview:large, max-video-preview:-1\" \/>\n<link rel=\"canonical\" href=\"https:\/\/www.swissvoicetour.ch\/de\/ueber-uns\/\" \/>\n<meta property=\"og:locale\" content=\"de_DE\" \/>\n<meta property=\"og:type\" content=\"article\" \/>\n<meta property=\"og:title\" content=\"\u00dcber uns - Swiss Voice Tour\" \/>\n<meta property=\"og:url\" content=\"https:\/\/www.swissvoicetour.ch\/de\/ueber-uns\/\" \/>\n<meta property=\"og:site_name\" content=\"Swiss Voice Tour\" \/>\n<meta property=\"article:publisher\" content=\"https:\/\/www.facebook.com\/swissvoicetour\/\" \/>\n<meta property=\"article:modified_time\" content=\"2026-04-21T09:03:48+00:00\" \/>\n<meta name=\"twitter:card\" content=\"summary_large_image\" \/>\n<meta name=\"twitter:label1\" content=\"Gesch\u00e4tzte Lesezeit\" \/>\n\t<meta name=\"twitter:data1\" content=\"15\u00a0Minuten\" \/>\n<script type=\"application\/ld+json\" class=\"yoast-schema-graph\">{\"@context\":\"https:\\\/\\\/schema.org\",\"@graph\":[{\"@type\":\"WebPage\",\"@id\":\"https:\\\/\\\/www.swissvoicetour.ch\\\/de\\\/ueber-uns\\\/\",\"url\":\"https:\\\/\\\/www.swissvoicetour.ch\\\/de\\\/ueber-uns\\\/\",\"name\":\"\u00dcber uns - Swiss Voice Tour\",\"isPartOf\":{\"@id\":\"https:\\\/\\\/www.swissvoicetour.ch\\\/#website\"},\"datePublished\":\"2020-03-31T08:23:20+00:00\",\"dateModified\":\"2026-04-21T09:03:48+00:00\",\"breadcrumb\":{\"@id\":\"https:\\\/\\\/www.swissvoicetour.ch\\\/de\\\/ueber-uns\\\/#breadcrumb\"},\"inLanguage\":\"de\",\"potentialAction\":[{\"@type\":\"ReadAction\",\"target\":[\"https:\\\/\\\/www.swissvoicetour.ch\\\/de\\\/ueber-uns\\\/\"]}]},{\"@type\":\"BreadcrumbList\",\"@id\":\"https:\\\/\\\/www.swissvoicetour.ch\\\/de\\\/ueber-uns\\\/#breadcrumb\",\"itemListElement\":[{\"@type\":\"ListItem\",\"position\":1,\"name\":\"Accueil\",\"item\":\"https:\\\/\\\/www.swissvoicetour.ch\\\/de\\\/\"},{\"@type\":\"ListItem\",\"position\":2,\"name\":\"\u00dcber uns\"}]},{\"@type\":\"WebSite\",\"@id\":\"https:\\\/\\\/www.swissvoicetour.ch\\\/#website\",\"url\":\"https:\\\/\\\/www.swissvoicetour.ch\\\/\",\"name\":\"Swiss Voice Tour\",\"description\":\"Willkommen auf der offiziellen Seite der Swiss Voice Tour\",\"publisher\":{\"@id\":\"https:\\\/\\\/www.swissvoicetour.ch\\\/#organization\"},\"potentialAction\":[{\"@type\":\"SearchAction\",\"target\":{\"@type\":\"EntryPoint\",\"urlTemplate\":\"https:\\\/\\\/www.swissvoicetour.ch\\\/?s={search_term_string}\"},\"query-input\":{\"@type\":\"PropertyValueSpecification\",\"valueRequired\":true,\"valueName\":\"search_term_string\"}}],\"inLanguage\":\"de\"},{\"@type\":\"Organization\",\"@id\":\"https:\\\/\\\/www.swissvoicetour.ch\\\/#organization\",\"name\":\"Swiss Voice Tour\",\"url\":\"https:\\\/\\\/www.swissvoicetour.ch\\\/\",\"logo\":{\"@type\":\"ImageObject\",\"inLanguage\":\"de\",\"@id\":\"https:\\\/\\\/www.swissvoicetour.ch\\\/#\\\/schema\\\/logo\\\/image\\\/\",\"url\":\"https:\\\/\\\/www.swissvoicetour.ch\\\/wp-content\\\/uploads\\\/2024\\\/11\\\/LOGO_SVT_2025_RVB-1030x1030.png\",\"contentUrl\":\"https:\\\/\\\/www.swissvoicetour.ch\\\/wp-content\\\/uploads\\\/2024\\\/11\\\/LOGO_SVT_2025_RVB-1030x1030.png\",\"width\":1030,\"height\":1030,\"caption\":\"Swiss Voice Tour\"},\"image\":{\"@id\":\"https:\\\/\\\/www.swissvoicetour.ch\\\/#\\\/schema\\\/logo\\\/image\\\/\"},\"sameAs\":[\"https:\\\/\\\/www.facebook.com\\\/swissvoicetour\\\/\",\"https:\\\/\\\/www.instagram.com\\\/swissvoicetour\\\/\"]}]}<\/script>\n<!-- \/ Yoast SEO plugin. -->","yoast_head_json":{"title":"\u00dcber uns - Swiss Voice Tour","robots":{"index":"index","follow":"follow","max-snippet":"max-snippet:-1","max-image-preview":"max-image-preview:large","max-video-preview":"max-video-preview:-1"},"canonical":"https:\/\/www.swissvoicetour.ch\/de\/ueber-uns\/","og_locale":"de_DE","og_type":"article","og_title":"\u00dcber uns - Swiss Voice Tour","og_url":"https:\/\/www.swissvoicetour.ch\/de\/ueber-uns\/","og_site_name":"Swiss Voice Tour","article_publisher":"https:\/\/www.facebook.com\/swissvoicetour\/","article_modified_time":"2026-04-21T09:03:48+00:00","twitter_card":"summary_large_image","twitter_misc":{"Gesch\u00e4tzte Lesezeit":"15\u00a0Minuten"},"schema":{"@context":"https:\/\/schema.org","@graph":[{"@type":"WebPage","@id":"https:\/\/www.swissvoicetour.ch\/de\/ueber-uns\/","url":"https:\/\/www.swissvoicetour.ch\/de\/ueber-uns\/","name":"\u00dcber uns - Swiss Voice Tour","isPartOf":{"@id":"https:\/\/www.swissvoicetour.ch\/#website"},"datePublished":"2020-03-31T08:23:20+00:00","dateModified":"2026-04-21T09:03:48+00:00","breadcrumb":{"@id":"https:\/\/www.swissvoicetour.ch\/de\/ueber-uns\/#breadcrumb"},"inLanguage":"de","potentialAction":[{"@type":"ReadAction","target":["https:\/\/www.swissvoicetour.ch\/de\/ueber-uns\/"]}]},{"@type":"BreadcrumbList","@id":"https:\/\/www.swissvoicetour.ch\/de\/ueber-uns\/#breadcrumb","itemListElement":[{"@type":"ListItem","position":1,"name":"Accueil","item":"https:\/\/www.swissvoicetour.ch\/de\/"},{"@type":"ListItem","position":2,"name":"\u00dcber uns"}]},{"@type":"WebSite","@id":"https:\/\/www.swissvoicetour.ch\/#website","url":"https:\/\/www.swissvoicetour.ch\/","name":"Swiss Voice Tour","description":"Willkommen auf der offiziellen Seite der Swiss Voice Tour","publisher":{"@id":"https:\/\/www.swissvoicetour.ch\/#organization"},"potentialAction":[{"@type":"SearchAction","target":{"@type":"EntryPoint","urlTemplate":"https:\/\/www.swissvoicetour.ch\/?s={search_term_string}"},"query-input":{"@type":"PropertyValueSpecification","valueRequired":true,"valueName":"search_term_string"}}],"inLanguage":"de"},{"@type":"Organization","@id":"https:\/\/www.swissvoicetour.ch\/#organization","name":"Swiss Voice Tour","url":"https:\/\/www.swissvoicetour.ch\/","logo":{"@type":"ImageObject","inLanguage":"de","@id":"https:\/\/www.swissvoicetour.ch\/#\/schema\/logo\/image\/","url":"https:\/\/www.swissvoicetour.ch\/wp-content\/uploads\/2024\/11\/LOGO_SVT_2025_RVB-1030x1030.png","contentUrl":"https:\/\/www.swissvoicetour.ch\/wp-content\/uploads\/2024\/11\/LOGO_SVT_2025_RVB-1030x1030.png","width":1030,"height":1030,"caption":"Swiss Voice Tour"},"image":{"@id":"https:\/\/www.swissvoicetour.ch\/#\/schema\/logo\/image\/"},"sameAs":["https:\/\/www.facebook.com\/swissvoicetour\/","https:\/\/www.instagram.com\/swissvoicetour\/"]}]}},"_links":{"self":[{"href":"https:\/\/www.swissvoicetour.ch\/de\/wp-json\/wp\/v2\/pages\/4248","targetHints":{"allow":["GET"]}}],"collection":[{"href":"https:\/\/www.swissvoicetour.ch\/de\/wp-json\/wp\/v2\/pages"}],"about":[{"href":"https:\/\/www.swissvoicetour.ch\/de\/wp-json\/wp\/v2\/types\/page"}],"author":[{"embeddable":true,"href":"https:\/\/www.swissvoicetour.ch\/de\/wp-json\/wp\/v2\/users\/2"}],"replies":[{"embeddable":true,"href":"https:\/\/www.swissvoicetour.ch\/de\/wp-json\/wp\/v2\/comments?post=4248"}],"version-history":[{"count":41,"href":"https:\/\/www.swissvoicetour.ch\/de\/wp-json\/wp\/v2\/pages\/4248\/revisions"}],"predecessor-version":[{"id":17217,"href":"https:\/\/www.swissvoicetour.ch\/de\/wp-json\/wp\/v2\/pages\/4248\/revisions\/17217"}],"wp:attachment":[{"href":"https:\/\/www.swissvoicetour.ch\/de\/wp-json\/wp\/v2\/media?parent=4248"}],"curies":[{"name":"wp","href":"https:\/\/api.w.org\/{rel}","templated":true}]}}