{"id":3644,"date":"2020-03-09T15:04:09","date_gmt":"2020-03-09T14:04:09","guid":{"rendered":"https:\/\/www.swissvoicetour.ch\/news\/"},"modified":"2024-09-27T16:13:46","modified_gmt":"2024-09-27T14:13:46","slug":"news","status":"publish","type":"page","link":"https:\/\/www.swissvoicetour.ch\/de\/news\/","title":{"rendered":"News"},"content":{"rendered":"\n<style type=\"text\/css\" data-created_by=\"avia_inline_auto\" id=\"style-css-av-av_section-0715e7f6951c521ae024a3d19be21fdd\">\n.avia-section.av-av_section-0715e7f6951c521ae024a3d19be21fdd{\nbackground-color:#cca047;\nbackground-image:unset;\n}\n<\/style>\n<div id='av_section_1'  class='avia-section av-av_section-0715e7f6951c521ae024a3d19be21fdd main_color avia-section-default avia-no-border-styling  avia-builder-el-0  el_before_av_section  avia-builder-el-first  titre-page avia-bg-style-scroll container_wrap fullsize'  ><div class='container av-section-cont-open' ><main  role=\"main\" itemprop=\"mainContentOfPage\"  class='template-page content  av-content-full alpha units'><div class='post-entry post-entry-type-page post-entry-3644'><div class='entry-content-wrapper clearfix'>\n\n<style type=\"text\/css\" data-created_by=\"avia_inline_auto\" id=\"style-css-av-m1kszzmk-076effd08a3461b44b863fcd35c776ca\">\n#top .av-special-heading.av-m1kszzmk-076effd08a3461b44b863fcd35c776ca{\npadding-bottom:10px;\ncolor:#000000;\n}\nbody .av-special-heading.av-m1kszzmk-076effd08a3461b44b863fcd35c776ca .av-special-heading-tag .heading-char{\nfont-size:25px;\n}\n.av-special-heading.av-m1kszzmk-076effd08a3461b44b863fcd35c776ca .special-heading-inner-border{\nborder-color:#000000;\n}\n.av-special-heading.av-m1kszzmk-076effd08a3461b44b863fcd35c776ca .av-subheading{\nfont-size:15px;\n}\n<\/style>\n<div  class='av-special-heading av-m1kszzmk-076effd08a3461b44b863fcd35c776ca av-special-heading-h1 custom-color-heading blockquote modern-quote  avia-builder-el-1  avia-builder-el-no-sibling '><h1 class='av-special-heading-tag '  itemprop=\"headline\"  >News<\/h1><div class=\"special-heading-border\"><div class=\"special-heading-inner-border\"><\/div><\/div><\/div>\n<\/div><\/div><\/main><!-- close content main element --><\/div><\/div><div id='av_section_2'  class='avia-section av-xr7u-37e21ade0c87a89b996ebf4d80aa40a6 main_color avia-section-default avia-no-border-styling  avia-builder-el-2  el_after_av_section  avia-builder-el-last  avia-bg-style-scroll container_wrap fullsize'  ><div class='container av-section-cont-open' ><div class='template-page content  av-content-full alpha units'><div class='post-entry post-entry-type-page post-entry-3644'><div class='entry-content-wrapper clearfix'>\n<div  data-slideshow-options=\"{&quot;animation&quot;:&quot;fade&quot;,&quot;autoplay&quot;:false,&quot;loop_autoplay&quot;:&quot;once&quot;,&quot;interval&quot;:5,&quot;loop_manual&quot;:&quot;manual-endless&quot;,&quot;autoplay_stopper&quot;:false,&quot;noNavigation&quot;:false,&quot;show_slide_delay&quot;:90}\" class='avia-content-slider avia-content-grid-active avia-content-slider1 avia-content-slider-odd  avia-builder-el-3  avia-builder-el-no-sibling  av-slideshow-ui av-control-default   av-no-slider-navigation av-slideshow-manual av-loop-once av-loop-manual-endless '  itemscope=\"itemscope\" itemtype=\"https:\/\/schema.org\/Blog\" ><div class=\"avia-content-slider-inner\"><div class=\"slide-entry-wrap\"><article class='slide-entry flex_column  post-entry post-entry-17229 slide-entry-overview slide-loop-1 slide-parity-odd  av_one_third first real-thumbnail posttype-post post-format-standard'  itemscope=\"itemscope\" itemtype=\"https:\/\/schema.org\/CreativeWork\" ><a href='https:\/\/www.swissvoicetour.ch\/de\/2026\/04\/27\/saison-11-une-premiere-semaine-deja-pleine-de-talents\/' data-rel='slide-1' class='slide-image' title='Saison 11: Eine erste Woche voller Talente'><img decoding=\"async\" fetchpriority=\"high\" width=\"495\" height=\"400\" src=\"https:\/\/www.swissvoicetour.ch\/wp-content\/uploads\/2026\/04\/WhatsApp-Image-2026-04-27-at-13.17.05-495x400.jpeg\" class=\"wp-image-17227 avia-img-lazy-loading-not-17227 attachment-portfolio size-portfolio wp-post-image\" alt=\"\" \/><\/a><div class=\"slide-content\"><header class=\"entry-content-header\" aria-label=\"Slide: Saison 11: Eine erste Woche voller Talente\"><h3 class='slide-entry-title entry-title '  itemprop=\"headline\" ><a href='https:\/\/www.swissvoicetour.ch\/de\/2026\/04\/27\/saison-11-une-premiere-semaine-deja-pleine-de-talents\/' title='Saison 11: Eine erste Woche voller Talente'>Saison 11: Eine erste Woche voller Talente<\/a><\/h3><span class=\"blog-categories minor-meta\"><a href=\"https:\/\/www.swissvoicetour.ch\/de\/category\/unkategorisiert\/\" rel=\"tag\">Unkategorisiert<\/a> <\/span><span class=\"av-vertical-delimiter\"><\/span><\/header><div class='slide-entry-excerpt entry-content'  itemprop=\"text\" >Die erste Casting-Woche fand im Riviera Center in Rennaz statt und markierte einen besonders vielversprechenden Start.<\/div><\/div><footer class=\"entry-footer\"><div class=\"slide-meta\"><time class='slide-meta-time updated'  itemprop=\"datePublished\" datetime=\"2026-04-27T13:35:40+02:00\" >27. April 2026<\/time><\/div><\/footer><span class='hidden'>\n\t\t\t\t<span class='av-structured-data'  itemprop=\"image\" itemscope=\"itemscope\" itemtype=\"https:\/\/schema.org\/ImageObject\" >\n\t\t\t\t\t\t<span itemprop='url'>https:\/\/www.swissvoicetour.ch\/wp-content\/uploads\/2026\/04\/WhatsApp-Image-2026-04-27-at-13.17.05.jpeg<\/span>\n\t\t\t\t\t\t<span itemprop='height'>489<\/span>\n\t\t\t\t\t\t<span itemprop='width'>701<\/span>\n\t\t\t\t<\/span>\n\t\t\t\t<span class='av-structured-data'  itemprop=\"publisher\" itemtype=\"https:\/\/schema.org\/Organization\" itemscope=\"itemscope\" >\n\t\t\t\t\t\t<span itemprop='name'>Swissvoicetour<\/span>\n\t\t\t\t\t\t<span itemprop='logo' itemscope itemtype='https:\/\/schema.org\/ImageObject'>\n\t\t\t\t\t\t\t<span itemprop='url'>https:\/\/swissvoicetour.ch\/wp-content\/uploads\/2024\/11\/swissvoicetour_logo-or.png<\/span>\n\t\t\t\t\t\t<\/span>\n\t\t\t\t<\/span><span class='av-structured-data'  itemprop=\"author\" itemscope=\"itemscope\" itemtype=\"https:\/\/schema.org\/Person\" ><span itemprop='name'>Swissvoicetour<\/span><\/span><span class='av-structured-data'  itemprop=\"datePublished\" datetime=\"2020-03-09T15:04:09+01:00\" >2026-04-27 13:35:40<\/span><span class='av-structured-data'  itemprop=\"dateModified\" itemtype=\"https:\/\/schema.org\/dateModified\" >2026-04-27 16:12:23<\/span><span class='av-structured-data'  itemprop=\"mainEntityOfPage\" itemtype=\"https:\/\/schema.org\/mainEntityOfPage\" ><span itemprop='name'>Saison 11: Eine erste Woche voller Talente<\/span><\/span><\/span><\/article><article class='slide-entry flex_column  post-entry post-entry-17078 slide-entry-overview slide-loop-2 slide-parity-even  av_one_third  real-thumbnail posttype-post post-format-standard'  itemscope=\"itemscope\" itemtype=\"https:\/\/schema.org\/CreativeWork\" ><a href='https:\/\/www.swissvoicetour.ch\/de\/2026\/04\/08\/un-partenariat-inedit-pour-la-nouvelle-saison\/' data-rel='slide-1' class='slide-image' title='Eine neue Partnerschaft f\u00fcr die kommende Saison!'><img decoding=\"async\" fetchpriority=\"high\" width=\"495\" height=\"400\" src=\"https:\/\/www.swissvoicetour.ch\/wp-content\/uploads\/2026\/04\/JOK-AIR_Thomas_Ebert_ET2_7742_1800-495x400.jpg\" class=\"wp-image-17116 avia-img-lazy-loading-not-17116 attachment-portfolio size-portfolio wp-post-image\" alt=\"\" srcset=\"https:\/\/www.swissvoicetour.ch\/wp-content\/uploads\/2026\/04\/JOK-AIR_Thomas_Ebert_ET2_7742_1800-495x400.jpg 495w, https:\/\/www.swissvoicetour.ch\/wp-content\/uploads\/2026\/04\/JOK-AIR_Thomas_Ebert_ET2_7742_1800-845x684.jpg 845w\" sizes=\"(max-width: 495px) 100vw, 495px\" \/><\/a><div class=\"slide-content\"><header class=\"entry-content-header\" aria-label=\"Slide: Eine neue Partnerschaft f\u00fcr die kommende Saison!\"><h3 class='slide-entry-title entry-title '  itemprop=\"headline\" ><a href='https:\/\/www.swissvoicetour.ch\/de\/2026\/04\/08\/un-partenariat-inedit-pour-la-nouvelle-saison\/' title='Eine neue Partnerschaft f\u00fcr die kommende Saison!'>Eine neue Partnerschaft f\u00fcr die kommende Saison!<\/a><\/h3><span class=\"blog-categories minor-meta\"><a href=\"https:\/\/www.swissvoicetour.ch\/de\/category\/unkategorisiert\/\" rel=\"tag\">Unkategorisiert<\/a> <\/span><span class=\"av-vertical-delimiter\"><\/span><\/header><div class='slide-entry-excerpt entry-content'  itemprop=\"text\" >Wir sind stolz, eine neue Partnerschaft mit dem Venoge Festival bekannt zu geben, einem der wichtigsten Musikereignisse in der Romandie.<\/div><\/div><footer class=\"entry-footer\"><div class=\"slide-meta\"><time class='slide-meta-time updated'  itemprop=\"datePublished\" datetime=\"2026-04-08T09:53:04+02:00\" >8. April 2026<\/time><\/div><\/footer><span class='hidden'>\n\t\t\t\t<span class='av-structured-data'  itemprop=\"image\" itemscope=\"itemscope\" itemtype=\"https:\/\/schema.org\/ImageObject\" >\n\t\t\t\t\t\t<span itemprop='url'>https:\/\/www.swissvoicetour.ch\/wp-content\/uploads\/2026\/04\/JOK-AIR_Thomas_Ebert_ET2_7742_1800-scaled.jpg<\/span>\n\t\t\t\t\t\t<span itemprop='height'>1707<\/span>\n\t\t\t\t\t\t<span itemprop='width'>2560<\/span>\n\t\t\t\t<\/span>\n\t\t\t\t<span class='av-structured-data'  itemprop=\"publisher\" itemtype=\"https:\/\/schema.org\/Organization\" itemscope=\"itemscope\" >\n\t\t\t\t\t\t<span itemprop='name'>Swissvoicetour<\/span>\n\t\t\t\t\t\t<span itemprop='logo' itemscope itemtype='https:\/\/schema.org\/ImageObject'>\n\t\t\t\t\t\t\t<span itemprop='url'>https:\/\/swissvoicetour.ch\/wp-content\/uploads\/2024\/11\/swissvoicetour_logo-or.png<\/span>\n\t\t\t\t\t\t<\/span>\n\t\t\t\t<\/span><span class='av-structured-data'  itemprop=\"author\" itemscope=\"itemscope\" itemtype=\"https:\/\/schema.org\/Person\" ><span itemprop='name'>Swissvoicetour<\/span><\/span><span class='av-structured-data'  itemprop=\"datePublished\" datetime=\"2020-03-09T15:04:09+01:00\" >2026-04-08 09:53:04<\/span><span class='av-structured-data'  itemprop=\"dateModified\" itemtype=\"https:\/\/schema.org\/dateModified\" >2026-04-08 15:02:12<\/span><span class='av-structured-data'  itemprop=\"mainEntityOfPage\" itemtype=\"https:\/\/schema.org\/mainEntityOfPage\" ><span itemprop='name'>Eine neue Partnerschaft f\u00fcr die kommende Saison!<\/span><\/span><\/span><\/article><article class='slide-entry flex_column  post-entry post-entry-17013 slide-entry-overview slide-loop-3 slide-parity-odd  av_one_third  real-thumbnail posttype-post post-format-standard'  itemscope=\"itemscope\" itemtype=\"https:\/\/schema.org\/CreativeWork\" ><a href='https:\/\/www.swissvoicetour.ch\/de\/2026\/03\/23\/saison-11-une-nouvelle-chance-pour-les-talents\/' data-rel='slide-1' class='slide-image' title='Saison 11: Eine neue Chance f\u00fcr Talente'><img decoding=\"async\" fetchpriority=\"high\" width=\"495\" height=\"400\" src=\"https:\/\/www.swissvoicetour.ch\/wp-content\/uploads\/2026\/03\/SVT-10-146DSCF7168-web-495x400.jpg\" class=\"wp-image-17011 avia-img-lazy-loading-not-17011 attachment-portfolio size-portfolio wp-post-image\" alt=\"\" \/><\/a><div class=\"slide-content\"><header class=\"entry-content-header\" aria-label=\"Slide: Saison 11: Eine neue Chance f\u00fcr Talente\"><h3 class='slide-entry-title entry-title '  itemprop=\"headline\" ><a href='https:\/\/www.swissvoicetour.ch\/de\/2026\/03\/23\/saison-11-une-nouvelle-chance-pour-les-talents\/' title='Saison 11: Eine neue Chance f\u00fcr Talente'>Saison 11: Eine neue Chance f\u00fcr Talente<\/a><\/h3><span class=\"blog-categories minor-meta\"><a href=\"https:\/\/www.swissvoicetour.ch\/de\/category\/unkategorisiert\/\" rel=\"tag\">Unkategorisiert<\/a> <\/span><span class=\"av-vertical-delimiter\"><\/span><\/header><div class='slide-entry-excerpt entry-content'  itemprop=\"text\" >Gro\u00dfe Neuheit 2026: die Viertelfinals. Denn Talent sollte niemals zu fr\u00fch ausscheiden !<\/div><\/div><footer class=\"entry-footer\"><div class=\"slide-meta\"><time class='slide-meta-time updated'  itemprop=\"datePublished\" datetime=\"2026-03-23T09:37:38+01:00\" >23. M\u00e4rz 2026<\/time><\/div><\/footer><span class='hidden'>\n\t\t\t\t<span class='av-structured-data'  itemprop=\"image\" itemscope=\"itemscope\" itemtype=\"https:\/\/schema.org\/ImageObject\" >\n\t\t\t\t\t\t<span itemprop='url'>https:\/\/www.swissvoicetour.ch\/wp-content\/uploads\/2026\/03\/SVT-10-146DSCF7168-web.jpg<\/span>\n\t\t\t\t\t\t<span itemprop='height'>600<\/span>\n\t\t\t\t\t\t<span itemprop='width'>900<\/span>\n\t\t\t\t<\/span>\n\t\t\t\t<span class='av-structured-data'  itemprop=\"publisher\" itemtype=\"https:\/\/schema.org\/Organization\" itemscope=\"itemscope\" >\n\t\t\t\t\t\t<span itemprop='name'>Swissvoicetour<\/span>\n\t\t\t\t\t\t<span itemprop='logo' itemscope itemtype='https:\/\/schema.org\/ImageObject'>\n\t\t\t\t\t\t\t<span itemprop='url'>https:\/\/swissvoicetour.ch\/wp-content\/uploads\/2024\/11\/swissvoicetour_logo-or.png<\/span>\n\t\t\t\t\t\t<\/span>\n\t\t\t\t<\/span><span class='av-structured-data'  itemprop=\"author\" itemscope=\"itemscope\" itemtype=\"https:\/\/schema.org\/Person\" ><span itemprop='name'>Swissvoicetour<\/span><\/span><span class='av-structured-data'  itemprop=\"datePublished\" datetime=\"2020-03-09T15:04:09+01:00\" >2026-03-23 09:37:38<\/span><span class='av-structured-data'  itemprop=\"dateModified\" itemtype=\"https:\/\/schema.org\/dateModified\" >2026-03-23 09:41:33<\/span><span class='av-structured-data'  itemprop=\"mainEntityOfPage\" itemtype=\"https:\/\/schema.org\/mainEntityOfPage\" ><span itemprop='name'>Saison 11: Eine neue Chance f\u00fcr Talente<\/span><\/span><\/span><\/article><\/div><div class=\"slide-entry-wrap\"><article class='slide-entry flex_column  post-entry post-entry-16993 slide-entry-overview slide-loop-4 slide-parity-odd  av_one_third first real-thumbnail posttype-post post-format-standard'  itemscope=\"itemscope\" itemtype=\"https:\/\/schema.org\/CreativeWork\" ><a href='https:\/\/www.swissvoicetour.ch\/de\/2026\/03\/01\/les-gagnants-de-la-saison-10-sont-connus\/' data-rel='slide-1' class='slide-image' title='DIE GEWINNER DER 10. STAFFEL SIND BEKANNT'><img decoding=\"async\" fetchpriority=\"high\" width=\"495\" height=\"400\" src=\"https:\/\/www.swissvoicetour.ch\/wp-content\/uploads\/2026\/03\/SVT-10-495x400.jpg\" class=\"wp-image-16602 avia-img-lazy-loading-not-16602 attachment-portfolio size-portfolio wp-post-image\" alt=\"\" srcset=\"https:\/\/www.swissvoicetour.ch\/wp-content\/uploads\/2026\/03\/SVT-10-495x400.jpg 495w, https:\/\/www.swissvoicetour.ch\/wp-content\/uploads\/2026\/03\/SVT-10-845x684.jpg 845w\" sizes=\"(max-width: 495px) 100vw, 495px\" \/><\/a><div class=\"slide-content\"><header class=\"entry-content-header\" aria-label=\"Slide: DIE GEWINNER DER 10. STAFFEL SIND BEKANNT\"><h3 class='slide-entry-title entry-title '  itemprop=\"headline\" ><a href='https:\/\/www.swissvoicetour.ch\/de\/2026\/03\/01\/les-gagnants-de-la-saison-10-sont-connus\/' title='DIE GEWINNER DER 10. STAFFEL SIND BEKANNT'>DIE GEWINNER DER 10. STAFFEL SIND BEKANNT<\/a><\/h3><span class=\"blog-categories minor-meta\"><a href=\"https:\/\/www.swissvoicetour.ch\/de\/category\/unkategorisiert\/\" rel=\"tag\">Unkategorisiert<\/a> <\/span><span class=\"av-vertical-delimiter\"><\/span><\/header><div class='slide-entry-excerpt entry-content'  itemprop=\"text\" >Die 10. Staffel der Swiss Voice Tour ging am Samstag, den 28. Februar 2026, im Th\u00e9\u00e2tre de Beaulieu in Lausanne zu Ende.<\/div><\/div><footer class=\"entry-footer\"><div class=\"slide-meta\"><time class='slide-meta-time updated'  itemprop=\"datePublished\" datetime=\"2026-03-01T09:16:33+01:00\" >1. M\u00e4rz 2026<\/time><\/div><\/footer><span class='hidden'>\n\t\t\t\t<span class='av-structured-data'  itemprop=\"image\" itemscope=\"itemscope\" itemtype=\"https:\/\/schema.org\/ImageObject\" >\n\t\t\t\t\t\t<span itemprop='url'>https:\/\/www.swissvoicetour.ch\/wp-content\/uploads\/2026\/03\/SVT-10-scaled.jpg<\/span>\n\t\t\t\t\t\t<span itemprop='height'>1707<\/span>\n\t\t\t\t\t\t<span itemprop='width'>2560<\/span>\n\t\t\t\t<\/span>\n\t\t\t\t<span class='av-structured-data'  itemprop=\"publisher\" itemtype=\"https:\/\/schema.org\/Organization\" itemscope=\"itemscope\" >\n\t\t\t\t\t\t<span itemprop='name'>smartfox-user<\/span>\n\t\t\t\t\t\t<span itemprop='logo' itemscope itemtype='https:\/\/schema.org\/ImageObject'>\n\t\t\t\t\t\t\t<span itemprop='url'>https:\/\/swissvoicetour.ch\/wp-content\/uploads\/2024\/11\/swissvoicetour_logo-or.png<\/span>\n\t\t\t\t\t\t<\/span>\n\t\t\t\t<\/span><span class='av-structured-data'  itemprop=\"author\" itemscope=\"itemscope\" itemtype=\"https:\/\/schema.org\/Person\" ><span itemprop='name'>smartfox-user<\/span><\/span><span class='av-structured-data'  itemprop=\"datePublished\" datetime=\"2020-03-09T15:04:09+01:00\" >2026-03-01 09:16:33<\/span><span class='av-structured-data'  itemprop=\"dateModified\" itemtype=\"https:\/\/schema.org\/dateModified\" >2026-03-20 09:41:53<\/span><span class='av-structured-data'  itemprop=\"mainEntityOfPage\" itemtype=\"https:\/\/schema.org\/mainEntityOfPage\" ><span itemprop='name'>DIE GEWINNER DER 10. STAFFEL SIND BEKANNT<\/span><\/span><\/span><\/article><article class='slide-entry flex_column  post-entry post-entry-16544 slide-entry-overview slide-loop-5 slide-parity-even  av_one_third  real-thumbnail posttype-post post-format-standard'  itemscope=\"itemscope\" itemtype=\"https:\/\/schema.org\/CreativeWork\" ><a href='https:\/\/www.swissvoicetour.ch\/de\/2026\/02\/25\/la-grande-finale-de-la-saison-10-cest-ce-samedi\/' data-rel='slide-1' class='slide-image' title='Das gro\u00dfe Finale der Saison 10 findet diesen Samstag statt!'><img decoding=\"async\" fetchpriority=\"high\" width=\"495\" height=\"400\" src=\"https:\/\/www.swissvoicetour.ch\/wp-content\/uploads\/2026\/02\/DSC4852-HD-495x400.jpg\" class=\"wp-image-16542 avia-img-lazy-loading-not-16542 attachment-portfolio size-portfolio wp-post-image\" alt=\"\" srcset=\"https:\/\/www.swissvoicetour.ch\/wp-content\/uploads\/2026\/02\/DSC4852-HD-495x400.jpg 495w, https:\/\/www.swissvoicetour.ch\/wp-content\/uploads\/2026\/02\/DSC4852-HD-845x684.jpg 845w\" sizes=\"(max-width: 495px) 100vw, 495px\" \/><\/a><div class=\"slide-content\"><header class=\"entry-content-header\" aria-label=\"Slide: Das gro\u00dfe Finale der Saison 10 findet diesen Samstag statt!\"><h3 class='slide-entry-title entry-title '  itemprop=\"headline\" ><a href='https:\/\/www.swissvoicetour.ch\/de\/2026\/02\/25\/la-grande-finale-de-la-saison-10-cest-ce-samedi\/' title='Das gro\u00dfe Finale der Saison 10 findet diesen Samstag statt!'>Das gro\u00dfe Finale der Saison 10 findet diesen Samstag statt!<\/a><\/h3><span class=\"blog-categories minor-meta\"><a href=\"https:\/\/www.swissvoicetour.ch\/de\/category\/unkategorisiert\/\" rel=\"tag\">Unkategorisiert<\/a> <\/span><span class=\"av-vertical-delimiter\"><\/span><\/header><div class='slide-entry-excerpt entry-content'  itemprop=\"text\" >Das gro\u00dfe Finale der Swiss Voice Tour \u2013 Saison 10 findet diesen Samstag, den 28. Februar 2026, im Th\u00e9\u00e2tre de Beaulieu statt.<\/div><\/div><footer class=\"entry-footer\"><div class=\"slide-meta\"><time class='slide-meta-time updated'  itemprop=\"datePublished\" datetime=\"2026-02-25T10:45:40+01:00\" >25. Februar 2026<\/time><\/div><\/footer><span class='hidden'>\n\t\t\t\t<span class='av-structured-data'  itemprop=\"image\" itemscope=\"itemscope\" itemtype=\"https:\/\/schema.org\/ImageObject\" >\n\t\t\t\t\t\t<span itemprop='url'>https:\/\/www.swissvoicetour.ch\/wp-content\/uploads\/2026\/02\/DSC4852-HD-scaled.jpg<\/span>\n\t\t\t\t\t\t<span itemprop='height'>2226<\/span>\n\t\t\t\t\t\t<span itemprop='width'>2560<\/span>\n\t\t\t\t<\/span>\n\t\t\t\t<span class='av-structured-data'  itemprop=\"publisher\" itemtype=\"https:\/\/schema.org\/Organization\" itemscope=\"itemscope\" >\n\t\t\t\t\t\t<span itemprop='name'>Swissvoicetour<\/span>\n\t\t\t\t\t\t<span itemprop='logo' itemscope itemtype='https:\/\/schema.org\/ImageObject'>\n\t\t\t\t\t\t\t<span itemprop='url'>https:\/\/swissvoicetour.ch\/wp-content\/uploads\/2024\/11\/swissvoicetour_logo-or.png<\/span>\n\t\t\t\t\t\t<\/span>\n\t\t\t\t<\/span><span class='av-structured-data'  itemprop=\"author\" itemscope=\"itemscope\" itemtype=\"https:\/\/schema.org\/Person\" ><span itemprop='name'>Swissvoicetour<\/span><\/span><span class='av-structured-data'  itemprop=\"datePublished\" datetime=\"2020-03-09T15:04:09+01:00\" >2026-02-25 10:45:40<\/span><span class='av-structured-data'  itemprop=\"dateModified\" itemtype=\"https:\/\/schema.org\/dateModified\" >2026-02-25 10:48:03<\/span><span class='av-structured-data'  itemprop=\"mainEntityOfPage\" itemtype=\"https:\/\/schema.org\/mainEntityOfPage\" ><span itemprop='name'>Das gro\u00dfe Finale der Saison 10 findet diesen Samstag statt!<\/span><\/span><\/span><\/article><article class='slide-entry flex_column  post-entry post-entry-16497 slide-entry-overview slide-loop-6 slide-parity-odd  av_one_third  real-thumbnail posttype-post post-format-standard'  itemscope=\"itemscope\" itemtype=\"https:\/\/schema.org\/CreativeWork\" ><a href='https:\/\/www.swissvoicetour.ch\/de\/2025\/12\/17\/la-grande-gagnante-du-concours-de-la-saison-10-est-connue\/' data-rel='slide-1' class='slide-image' title='Die grosse Gewinnerin des Wettbewerbs der Saison 10 steht fest!'><img decoding=\"async\" fetchpriority=\"high\" width=\"495\" height=\"400\" src=\"https:\/\/www.swissvoicetour.ch\/wp-content\/uploads\/2025\/12\/IMG_4332-495x400.jpeg\" class=\"wp-image-16495 avia-img-lazy-loading-not-16495 attachment-portfolio size-portfolio wp-post-image\" alt=\"\" srcset=\"https:\/\/www.swissvoicetour.ch\/wp-content\/uploads\/2025\/12\/IMG_4332-495x400.jpeg 495w, https:\/\/www.swissvoicetour.ch\/wp-content\/uploads\/2025\/12\/IMG_4332-845x684.jpeg 845w\" sizes=\"(max-width: 495px) 100vw, 495px\" \/><\/a><div class=\"slide-content\"><header class=\"entry-content-header\" aria-label=\"Slide: Die grosse Gewinnerin des Wettbewerbs der Saison 10 steht fest!\"><h3 class='slide-entry-title entry-title '  itemprop=\"headline\" ><a href='https:\/\/www.swissvoicetour.ch\/de\/2025\/12\/17\/la-grande-gagnante-du-concours-de-la-saison-10-est-connue\/' title='Die grosse Gewinnerin des Wettbewerbs der Saison 10 steht fest!'>Die grosse Gewinnerin des Wettbewerbs der Saison 10 steht fest!<\/a><\/h3><span class=\"blog-categories minor-meta\"><a href=\"https:\/\/www.swissvoicetour.ch\/de\/category\/unkategorisiert\/\" rel=\"tag\">Unkategorisiert<\/a> <\/span><span class=\"av-vertical-delimiter\"><\/span><\/header><div class='slide-entry-excerpt entry-content'  itemprop=\"text\" >Die Saison 10 der Swiss Voice Tour ging mit viel Emotion und Freude zu Ende \u2013 gekr\u00f6nt von der Bekanntgabe der grossen Gewinnerin unseres j\u00e4hrlichen Wettbewerbs.<\/div><\/div><footer class=\"entry-footer\"><div class=\"slide-meta\"><time class='slide-meta-time updated'  itemprop=\"datePublished\" datetime=\"2025-12-17T14:56:44+01:00\" >17. Dezember 2025<\/time><\/div><\/footer><span class='hidden'>\n\t\t\t\t<span class='av-structured-data'  itemprop=\"image\" itemscope=\"itemscope\" itemtype=\"https:\/\/schema.org\/ImageObject\" >\n\t\t\t\t\t\t<span itemprop='url'>https:\/\/www.swissvoicetour.ch\/wp-content\/uploads\/2025\/12\/IMG_4332-scaled.jpeg<\/span>\n\t\t\t\t\t\t<span itemprop='height'>1764<\/span>\n\t\t\t\t\t\t<span itemprop='width'>2560<\/span>\n\t\t\t\t<\/span>\n\t\t\t\t<span class='av-structured-data'  itemprop=\"publisher\" itemtype=\"https:\/\/schema.org\/Organization\" itemscope=\"itemscope\" >\n\t\t\t\t\t\t<span itemprop='name'>Swissvoicetour<\/span>\n\t\t\t\t\t\t<span itemprop='logo' itemscope itemtype='https:\/\/schema.org\/ImageObject'>\n\t\t\t\t\t\t\t<span itemprop='url'>https:\/\/swissvoicetour.ch\/wp-content\/uploads\/2024\/11\/swissvoicetour_logo-or.png<\/span>\n\t\t\t\t\t\t<\/span>\n\t\t\t\t<\/span><span class='av-structured-data'  itemprop=\"author\" itemscope=\"itemscope\" itemtype=\"https:\/\/schema.org\/Person\" ><span itemprop='name'>Swissvoicetour<\/span><\/span><span class='av-structured-data'  itemprop=\"datePublished\" datetime=\"2020-03-09T15:04:09+01:00\" >2025-12-17 14:56:44<\/span><span class='av-structured-data'  itemprop=\"dateModified\" itemtype=\"https:\/\/schema.org\/dateModified\" >2025-12-17 15:10:29<\/span><span class='av-structured-data'  itemprop=\"mainEntityOfPage\" itemtype=\"https:\/\/schema.org\/mainEntityOfPage\" ><span itemprop='name'>Die grosse Gewinnerin des Wettbewerbs der Saison 10 steht fest!<\/span><\/span><\/span><\/article><\/div><div class=\"slide-entry-wrap\"><article class='slide-entry flex_column  post-entry post-entry-15853 slide-entry-overview slide-loop-7 slide-parity-odd  av_one_third first real-thumbnail posttype-post post-format-standard'  itemscope=\"itemscope\" itemtype=\"https:\/\/schema.org\/CreativeWork\" ><a href='https:\/\/www.swissvoicetour.ch\/de\/2025\/10\/14\/nouveaute-dans-la-categorie-kids-finale-saison-10\/' data-rel='slide-1' class='slide-image' title='Neuigkeiten in der Kategorie Kids \u2013 Finale Saison 10!'><img decoding=\"async\" fetchpriority=\"high\" width=\"495\" height=\"400\" src=\"https:\/\/www.swissvoicetour.ch\/wp-content\/uploads\/2025\/10\/SVT-9-136DSCF3701-HD-495x400.jpg\" class=\"wp-image-15851 avia-img-lazy-loading-not-15851 attachment-portfolio size-portfolio wp-post-image\" alt=\"\" srcset=\"https:\/\/www.swissvoicetour.ch\/wp-content\/uploads\/2025\/10\/SVT-9-136DSCF3701-HD-495x400.jpg 495w, https:\/\/www.swissvoicetour.ch\/wp-content\/uploads\/2025\/10\/SVT-9-136DSCF3701-HD-845x684.jpg 845w\" sizes=\"(max-width: 495px) 100vw, 495px\" \/><\/a><div class=\"slide-content\"><header class=\"entry-content-header\" aria-label=\"Slide: Neuigkeiten in der Kategorie Kids \u2013 Finale Saison 10!\"><h3 class='slide-entry-title entry-title '  itemprop=\"headline\" ><a href='https:\/\/www.swissvoicetour.ch\/de\/2025\/10\/14\/nouveaute-dans-la-categorie-kids-finale-saison-10\/' title='Neuigkeiten in der Kategorie Kids \u2013 Finale Saison 10!'>Neuigkeiten in der Kategorie Kids \u2013 Finale Saison 10!<\/a><\/h3><span class=\"blog-categories minor-meta\"><a href=\"https:\/\/www.swissvoicetour.ch\/de\/category\/unkategorisiert\/\" rel=\"tag\">Unkategorisiert<\/a> <\/span><span class=\"av-vertical-delimiter\"><\/span><\/header><div class='slide-entry-excerpt entry-content'  itemprop=\"text\" >Der Swiss Voice Tour m\u00f6chte Sie dar\u00fcber informieren, dass bei den Finalisten der Kategorie Kids der Ausgabe 2025 eine \u00c4nderung vorgenommen werden musste.<\/div><\/div><footer class=\"entry-footer\"><div class=\"slide-meta\"><time class='slide-meta-time updated'  itemprop=\"datePublished\" datetime=\"2025-10-14T14:26:40+02:00\" >14. Oktober 2025<\/time><\/div><\/footer><span class='hidden'>\n\t\t\t\t<span class='av-structured-data'  itemprop=\"image\" itemscope=\"itemscope\" itemtype=\"https:\/\/schema.org\/ImageObject\" >\n\t\t\t\t\t\t<span itemprop='url'>https:\/\/www.swissvoicetour.ch\/wp-content\/uploads\/2025\/10\/SVT-9-136DSCF3701-HD-scaled.jpg<\/span>\n\t\t\t\t\t\t<span itemprop='height'>1707<\/span>\n\t\t\t\t\t\t<span itemprop='width'>2560<\/span>\n\t\t\t\t<\/span>\n\t\t\t\t<span class='av-structured-data'  itemprop=\"publisher\" itemtype=\"https:\/\/schema.org\/Organization\" itemscope=\"itemscope\" >\n\t\t\t\t\t\t<span itemprop='name'>Swissvoicetour<\/span>\n\t\t\t\t\t\t<span itemprop='logo' itemscope itemtype='https:\/\/schema.org\/ImageObject'>\n\t\t\t\t\t\t\t<span itemprop='url'>https:\/\/swissvoicetour.ch\/wp-content\/uploads\/2024\/11\/swissvoicetour_logo-or.png<\/span>\n\t\t\t\t\t\t<\/span>\n\t\t\t\t<\/span><span class='av-structured-data'  itemprop=\"author\" itemscope=\"itemscope\" itemtype=\"https:\/\/schema.org\/Person\" ><span itemprop='name'>Swissvoicetour<\/span><\/span><span class='av-structured-data'  itemprop=\"datePublished\" datetime=\"2020-03-09T15:04:09+01:00\" >2025-10-14 14:26:40<\/span><span class='av-structured-data'  itemprop=\"dateModified\" itemtype=\"https:\/\/schema.org\/dateModified\" >2025-10-14 14:28:19<\/span><span class='av-structured-data'  itemprop=\"mainEntityOfPage\" itemtype=\"https:\/\/schema.org\/mainEntityOfPage\" ><span itemprop='name'>Neuigkeiten in der Kategorie Kids \u2013 Finale Saison 10!<\/span><\/span><\/span><\/article><article class='slide-entry flex_column  post-entry post-entry-15816 slide-entry-overview slide-loop-8 slide-parity-even  av_one_third  real-thumbnail posttype-post post-format-standard'  itemscope=\"itemscope\" itemtype=\"https:\/\/schema.org\/CreativeWork\" ><a href='https:\/\/www.swissvoicetour.ch\/de\/2025\/09\/30\/decouvrez-les-finalistes-de-la-10%e1%b5%89-saison-du-swiss-voice-tour\/' data-rel='slide-1' class='slide-image' title='Entdecken Sie die Finalisten der 10. Saison des Swiss Voice Tour'><img decoding=\"async\" fetchpriority=\"high\" width=\"495\" height=\"400\" src=\"https:\/\/www.swissvoicetour.ch\/wp-content\/uploads\/2025\/09\/1000112643-495x400.jpg\" class=\"wp-image-15811 avia-img-lazy-loading-not-15811 attachment-portfolio size-portfolio wp-post-image\" alt=\"\" srcset=\"https:\/\/www.swissvoicetour.ch\/wp-content\/uploads\/2025\/09\/1000112643-495x400.jpg 495w, https:\/\/www.swissvoicetour.ch\/wp-content\/uploads\/2025\/09\/1000112643-845x684.jpg 845w\" sizes=\"(max-width: 495px) 100vw, 495px\" \/><\/a><div class=\"slide-content\"><header class=\"entry-content-header\" aria-label=\"Slide: Entdecken Sie die Finalisten der 10. Saison des Swiss Voice Tour\"><h3 class='slide-entry-title entry-title '  itemprop=\"headline\" ><a href='https:\/\/www.swissvoicetour.ch\/de\/2025\/09\/30\/decouvrez-les-finalistes-de-la-10%e1%b5%89-saison-du-swiss-voice-tour\/' title='Entdecken Sie die Finalisten der 10. Saison des Swiss Voice Tour'>Entdecken Sie die Finalisten der 10. Saison des Swiss Voice Tour<\/a><\/h3><span class=\"blog-categories minor-meta\"><a href=\"https:\/\/www.swissvoicetour.ch\/de\/category\/unkategorisiert\/\" rel=\"tag\">Unkategorisiert<\/a> <\/span><span class=\"av-vertical-delimiter\"><\/span><\/header><div class='slide-entry-excerpt entry-content'  itemprop=\"text\" >Die Swiss Voice erreichte am Samstag, den 27. September, einen unvergesslichen H\u00f6hepunkt mit einem au\u00dfergew\u00f6hnlichen Halbfinale im Coop Bahnhof.<\/div><\/div><footer class=\"entry-footer\"><div class=\"slide-meta\"><time class='slide-meta-time updated'  itemprop=\"datePublished\" datetime=\"2025-09-30T08:28:15+02:00\" >30. September 2025<\/time><\/div><\/footer><span class='hidden'>\n\t\t\t\t<span class='av-structured-data'  itemprop=\"image\" itemscope=\"itemscope\" itemtype=\"https:\/\/schema.org\/ImageObject\" >\n\t\t\t\t\t\t<span itemprop='url'>https:\/\/www.swissvoicetour.ch\/wp-content\/uploads\/2025\/09\/1000112643.jpg<\/span>\n\t\t\t\t\t\t<span itemprop='height'>1200<\/span>\n\t\t\t\t\t\t<span itemprop='width'>1600<\/span>\n\t\t\t\t<\/span>\n\t\t\t\t<span class='av-structured-data'  itemprop=\"publisher\" itemtype=\"https:\/\/schema.org\/Organization\" itemscope=\"itemscope\" >\n\t\t\t\t\t\t<span itemprop='name'>Swissvoicetour<\/span>\n\t\t\t\t\t\t<span itemprop='logo' itemscope itemtype='https:\/\/schema.org\/ImageObject'>\n\t\t\t\t\t\t\t<span itemprop='url'>https:\/\/swissvoicetour.ch\/wp-content\/uploads\/2024\/11\/swissvoicetour_logo-or.png<\/span>\n\t\t\t\t\t\t<\/span>\n\t\t\t\t<\/span><span class='av-structured-data'  itemprop=\"author\" itemscope=\"itemscope\" itemtype=\"https:\/\/schema.org\/Person\" ><span itemprop='name'>Swissvoicetour<\/span><\/span><span class='av-structured-data'  itemprop=\"datePublished\" datetime=\"2020-03-09T15:04:09+01:00\" >2025-09-30 08:28:15<\/span><span class='av-structured-data'  itemprop=\"dateModified\" itemtype=\"https:\/\/schema.org\/dateModified\" >2025-09-30 08:31:27<\/span><span class='av-structured-data'  itemprop=\"mainEntityOfPage\" itemtype=\"https:\/\/schema.org\/mainEntityOfPage\" ><span itemprop='name'>Entdecken Sie die Finalisten der 10. Saison des Swiss Voice Tour<\/span><\/span><\/span><\/article><article class='slide-entry flex_column  post-entry post-entry-15792 slide-entry-overview slide-loop-9 slide-parity-odd  post-entry-last  av_one_third  real-thumbnail posttype-post post-format-standard'  itemscope=\"itemscope\" itemtype=\"https:\/\/schema.org\/CreativeWork\" ><a href='https:\/\/www.swissvoicetour.ch\/de\/2025\/09\/25\/annonce-du-gagnant-du-systeme-de-votes-saison-10\/' data-rel='slide-1' class='slide-image' title='Bekanntgabe des Gewinners des Voting-Systems \u2013 Staffel 10'><img decoding=\"async\" fetchpriority=\"high\" width=\"495\" height=\"400\" src=\"https:\/\/www.swissvoicetour.ch\/wp-content\/uploads\/2025\/09\/SVT-9-020DSCF3620-HD-495x400.jpg\" class=\"wp-image-15790 avia-img-lazy-loading-not-15790 attachment-portfolio size-portfolio wp-post-image\" alt=\"\" srcset=\"https:\/\/www.swissvoicetour.ch\/wp-content\/uploads\/2025\/09\/SVT-9-020DSCF3620-HD-495x400.jpg 495w, https:\/\/www.swissvoicetour.ch\/wp-content\/uploads\/2025\/09\/SVT-9-020DSCF3620-HD-845x684.jpg 845w\" sizes=\"(max-width: 495px) 100vw, 495px\" \/><\/a><div class=\"slide-content\"><header class=\"entry-content-header\" aria-label=\"Slide: Bekanntgabe des Gewinners des Voting-Systems \u2013 Staffel 10\"><h3 class='slide-entry-title entry-title '  itemprop=\"headline\" ><a href='https:\/\/www.swissvoicetour.ch\/de\/2025\/09\/25\/annonce-du-gagnant-du-systeme-de-votes-saison-10\/' title='Bekanntgabe des Gewinners des Voting-Systems \u2013 Staffel 10'>Bekanntgabe des Gewinners des Voting-Systems \u2013 Staffel 10<\/a><\/h3><span class=\"blog-categories minor-meta\"><a href=\"https:\/\/www.swissvoicetour.ch\/de\/category\/unkategorisiert\/\" rel=\"tag\">Unkategorisiert<\/a> <\/span><span class=\"av-vertical-delimiter\"><\/span><\/header><div class='slide-entry-excerpt entry-content'  itemprop=\"text\" >Wir freuen uns, bekannt zu geben, dass Madina (Kategorie Kids), die gro\u00dfe Gewinnerin des Voting-Systems der Swiss Voice Tour Staffel 10 ist!<\/div><\/div><footer class=\"entry-footer\"><div class=\"slide-meta\"><time class='slide-meta-time updated'  itemprop=\"datePublished\" datetime=\"2025-09-25T12:21:47+02:00\" >25. September 2025<\/time><\/div><\/footer><span class='hidden'>\n\t\t\t\t<span class='av-structured-data'  itemprop=\"image\" itemscope=\"itemscope\" itemtype=\"https:\/\/schema.org\/ImageObject\" >\n\t\t\t\t\t\t<span itemprop='url'>https:\/\/www.swissvoicetour.ch\/wp-content\/uploads\/2025\/09\/SVT-9-020DSCF3620-HD-scaled.jpg<\/span>\n\t\t\t\t\t\t<span itemprop='height'>1707<\/span>\n\t\t\t\t\t\t<span itemprop='width'>2560<\/span>\n\t\t\t\t<\/span>\n\t\t\t\t<span class='av-structured-data'  itemprop=\"publisher\" itemtype=\"https:\/\/schema.org\/Organization\" itemscope=\"itemscope\" >\n\t\t\t\t\t\t<span itemprop='name'>Swissvoicetour<\/span>\n\t\t\t\t\t\t<span itemprop='logo' itemscope itemtype='https:\/\/schema.org\/ImageObject'>\n\t\t\t\t\t\t\t<span itemprop='url'>https:\/\/swissvoicetour.ch\/wp-content\/uploads\/2024\/11\/swissvoicetour_logo-or.png<\/span>\n\t\t\t\t\t\t<\/span>\n\t\t\t\t<\/span><span class='av-structured-data'  itemprop=\"author\" itemscope=\"itemscope\" itemtype=\"https:\/\/schema.org\/Person\" ><span itemprop='name'>Swissvoicetour<\/span><\/span><span class='av-structured-data'  itemprop=\"datePublished\" datetime=\"2020-03-09T15:04:09+01:00\" >2025-09-25 12:21:47<\/span><span class='av-structured-data'  itemprop=\"dateModified\" itemtype=\"https:\/\/schema.org\/dateModified\" >2025-09-25 12:25:25<\/span><span class='av-structured-data'  itemprop=\"mainEntityOfPage\" itemtype=\"https:\/\/schema.org\/mainEntityOfPage\" ><span itemprop='name'>Bekanntgabe des Gewinners des Voting-Systems \u2013 Staffel 10<\/span><\/span><\/span><\/article><\/div><\/div><div class='pagination-wrap pagination-slider'><nav class='pagination'><span class='pagination-meta'>Seite 1 von 18<\/span><span class='current'>1<\/span><a href='https:\/\/www.swissvoicetour.ch\/de\/wp-json\/wp\/v2\/pages\/3644\/?avia-element-paging=2' class='inactive next_page' >2<\/a><a href='https:\/\/www.swissvoicetour.ch\/de\/wp-json\/wp\/v2\/pages\/3644\/?avia-element-paging=3' class='inactive' >3<\/a><a href='https:\/\/www.swissvoicetour.ch\/de\/wp-json\/wp\/v2\/pages\/3644\/?avia-element-paging=2'>&rsaquo;<\/a><a href='https:\/\/www.swissvoicetour.ch\/de\/wp-json\/wp\/v2\/pages\/3644\/?avia-element-paging=18'>&raquo;<\/a><\/nav>\n<\/div><\/div>\n<\/p>\n","protected":false},"excerpt":{"rendered":"","protected":false},"author":2,"featured_media":0,"parent":0,"menu_order":0,"comment_status":"closed","ping_status":"closed","template":"","meta":{"_acf_changed":false,"footnotes":""},"class_list":["post-3644","page","type-page","status-publish","hentry"],"acf":[],"yoast_head":"<!-- This site is optimized with the Yoast SEO plugin v27.5 - https:\/\/yoast.com\/product\/yoast-seo-wordpress\/ -->\n<title>News - Swiss Voice Tour<\/title>\n<meta name=\"robots\" content=\"index, follow, max-snippet:-1, max-image-preview:large, max-video-preview:-1\" \/>\n<link rel=\"canonical\" href=\"https:\/\/www.swissvoicetour.ch\/de\/news\/\" \/>\n<meta property=\"og:locale\" content=\"de_DE\" \/>\n<meta property=\"og:type\" content=\"article\" \/>\n<meta property=\"og:title\" content=\"News - Swiss Voice Tour\" \/>\n<meta property=\"og:url\" content=\"https:\/\/www.swissvoicetour.ch\/de\/news\/\" \/>\n<meta property=\"og:site_name\" content=\"Swiss Voice Tour\" \/>\n<meta property=\"article:publisher\" content=\"https:\/\/www.facebook.com\/swissvoicetour\/\" \/>\n<meta property=\"article:modified_time\" content=\"2024-09-27T14:13:46+00:00\" \/>\n<meta name=\"twitter:card\" content=\"summary_large_image\" \/>\n<meta name=\"twitter:label1\" content=\"Gesch\u00e4tzte Lesezeit\" \/>\n\t<meta name=\"twitter:data1\" content=\"4\u00a0Minuten\" \/>\n<script type=\"application\/ld+json\" class=\"yoast-schema-graph\">{\"@context\":\"https:\\\/\\\/schema.org\",\"@graph\":[{\"@type\":\"WebPage\",\"@id\":\"https:\\\/\\\/www.swissvoicetour.ch\\\/de\\\/news\\\/\",\"url\":\"https:\\\/\\\/www.swissvoicetour.ch\\\/de\\\/news\\\/\",\"name\":\"News - Swiss Voice Tour\",\"isPartOf\":{\"@id\":\"https:\\\/\\\/www.swissvoicetour.ch\\\/#website\"},\"datePublished\":\"2020-03-09T14:04:09+00:00\",\"dateModified\":\"2024-09-27T14:13:46+00:00\",\"breadcrumb\":{\"@id\":\"https:\\\/\\\/www.swissvoicetour.ch\\\/de\\\/news\\\/#breadcrumb\"},\"inLanguage\":\"de\",\"potentialAction\":[{\"@type\":\"ReadAction\",\"target\":[\"https:\\\/\\\/www.swissvoicetour.ch\\\/de\\\/news\\\/\"]}]},{\"@type\":\"BreadcrumbList\",\"@id\":\"https:\\\/\\\/www.swissvoicetour.ch\\\/de\\\/news\\\/#breadcrumb\",\"itemListElement\":[{\"@type\":\"ListItem\",\"position\":1,\"name\":\"Accueil\",\"item\":\"https:\\\/\\\/www.swissvoicetour.ch\\\/de\\\/\"},{\"@type\":\"ListItem\",\"position\":2,\"name\":\"News\"}]},{\"@type\":\"WebSite\",\"@id\":\"https:\\\/\\\/www.swissvoicetour.ch\\\/#website\",\"url\":\"https:\\\/\\\/www.swissvoicetour.ch\\\/\",\"name\":\"Swiss Voice Tour\",\"description\":\"Willkommen auf der offiziellen Seite der Swiss Voice Tour\",\"publisher\":{\"@id\":\"https:\\\/\\\/www.swissvoicetour.ch\\\/#organization\"},\"potentialAction\":[{\"@type\":\"SearchAction\",\"target\":{\"@type\":\"EntryPoint\",\"urlTemplate\":\"https:\\\/\\\/www.swissvoicetour.ch\\\/?s={search_term_string}\"},\"query-input\":{\"@type\":\"PropertyValueSpecification\",\"valueRequired\":true,\"valueName\":\"search_term_string\"}}],\"inLanguage\":\"de\"},{\"@type\":\"Organization\",\"@id\":\"https:\\\/\\\/www.swissvoicetour.ch\\\/#organization\",\"name\":\"Swiss Voice Tour\",\"url\":\"https:\\\/\\\/www.swissvoicetour.ch\\\/\",\"logo\":{\"@type\":\"ImageObject\",\"inLanguage\":\"de\",\"@id\":\"https:\\\/\\\/www.swissvoicetour.ch\\\/#\\\/schema\\\/logo\\\/image\\\/\",\"url\":\"https:\\\/\\\/www.swissvoicetour.ch\\\/wp-content\\\/uploads\\\/2024\\\/11\\\/LOGO_SVT_2025_RVB-1030x1030.png\",\"contentUrl\":\"https:\\\/\\\/www.swissvoicetour.ch\\\/wp-content\\\/uploads\\\/2024\\\/11\\\/LOGO_SVT_2025_RVB-1030x1030.png\",\"width\":1030,\"height\":1030,\"caption\":\"Swiss Voice Tour\"},\"image\":{\"@id\":\"https:\\\/\\\/www.swissvoicetour.ch\\\/#\\\/schema\\\/logo\\\/image\\\/\"},\"sameAs\":[\"https:\\\/\\\/www.facebook.com\\\/swissvoicetour\\\/\",\"https:\\\/\\\/www.instagram.com\\\/swissvoicetour\\\/\"]}]}<\/script>\n<!-- \/ Yoast SEO plugin. -->","yoast_head_json":{"title":"News - Swiss Voice Tour","robots":{"index":"index","follow":"follow","max-snippet":"max-snippet:-1","max-image-preview":"max-image-preview:large","max-video-preview":"max-video-preview:-1"},"canonical":"https:\/\/www.swissvoicetour.ch\/de\/news\/","og_locale":"de_DE","og_type":"article","og_title":"News - Swiss Voice Tour","og_url":"https:\/\/www.swissvoicetour.ch\/de\/news\/","og_site_name":"Swiss Voice Tour","article_publisher":"https:\/\/www.facebook.com\/swissvoicetour\/","article_modified_time":"2024-09-27T14:13:46+00:00","twitter_card":"summary_large_image","twitter_misc":{"Gesch\u00e4tzte Lesezeit":"4\u00a0Minuten"},"schema":{"@context":"https:\/\/schema.org","@graph":[{"@type":"WebPage","@id":"https:\/\/www.swissvoicetour.ch\/de\/news\/","url":"https:\/\/www.swissvoicetour.ch\/de\/news\/","name":"News - Swiss Voice Tour","isPartOf":{"@id":"https:\/\/www.swissvoicetour.ch\/#website"},"datePublished":"2020-03-09T14:04:09+00:00","dateModified":"2024-09-27T14:13:46+00:00","breadcrumb":{"@id":"https:\/\/www.swissvoicetour.ch\/de\/news\/#breadcrumb"},"inLanguage":"de","potentialAction":[{"@type":"ReadAction","target":["https:\/\/www.swissvoicetour.ch\/de\/news\/"]}]},{"@type":"BreadcrumbList","@id":"https:\/\/www.swissvoicetour.ch\/de\/news\/#breadcrumb","itemListElement":[{"@type":"ListItem","position":1,"name":"Accueil","item":"https:\/\/www.swissvoicetour.ch\/de\/"},{"@type":"ListItem","position":2,"name":"News"}]},{"@type":"WebSite","@id":"https:\/\/www.swissvoicetour.ch\/#website","url":"https:\/\/www.swissvoicetour.ch\/","name":"Swiss Voice Tour","description":"Willkommen auf der offiziellen Seite der Swiss Voice Tour","publisher":{"@id":"https:\/\/www.swissvoicetour.ch\/#organization"},"potentialAction":[{"@type":"SearchAction","target":{"@type":"EntryPoint","urlTemplate":"https:\/\/www.swissvoicetour.ch\/?s={search_term_string}"},"query-input":{"@type":"PropertyValueSpecification","valueRequired":true,"valueName":"search_term_string"}}],"inLanguage":"de"},{"@type":"Organization","@id":"https:\/\/www.swissvoicetour.ch\/#organization","name":"Swiss Voice Tour","url":"https:\/\/www.swissvoicetour.ch\/","logo":{"@type":"ImageObject","inLanguage":"de","@id":"https:\/\/www.swissvoicetour.ch\/#\/schema\/logo\/image\/","url":"https:\/\/www.swissvoicetour.ch\/wp-content\/uploads\/2024\/11\/LOGO_SVT_2025_RVB-1030x1030.png","contentUrl":"https:\/\/www.swissvoicetour.ch\/wp-content\/uploads\/2024\/11\/LOGO_SVT_2025_RVB-1030x1030.png","width":1030,"height":1030,"caption":"Swiss Voice Tour"},"image":{"@id":"https:\/\/www.swissvoicetour.ch\/#\/schema\/logo\/image\/"},"sameAs":["https:\/\/www.facebook.com\/swissvoicetour\/","https:\/\/www.instagram.com\/swissvoicetour\/"]}]}},"_links":{"self":[{"href":"https:\/\/www.swissvoicetour.ch\/de\/wp-json\/wp\/v2\/pages\/3644","targetHints":{"allow":["GET"]}}],"collection":[{"href":"https:\/\/www.swissvoicetour.ch\/de\/wp-json\/wp\/v2\/pages"}],"about":[{"href":"https:\/\/www.swissvoicetour.ch\/de\/wp-json\/wp\/v2\/types\/page"}],"author":[{"embeddable":true,"href":"https:\/\/www.swissvoicetour.ch\/de\/wp-json\/wp\/v2\/users\/2"}],"replies":[{"embeddable":true,"href":"https:\/\/www.swissvoicetour.ch\/de\/wp-json\/wp\/v2\/comments?post=3644"}],"version-history":[{"count":3,"href":"https:\/\/www.swissvoicetour.ch\/de\/wp-json\/wp\/v2\/pages\/3644\/revisions"}],"predecessor-version":[{"id":12385,"href":"https:\/\/www.swissvoicetour.ch\/de\/wp-json\/wp\/v2\/pages\/3644\/revisions\/12385"}],"wp:attachment":[{"href":"https:\/\/www.swissvoicetour.ch\/de\/wp-json\/wp\/v2\/media?parent=3644"}],"curies":[{"name":"wp","href":"https:\/\/api.w.org\/{rel}","templated":true}]}}